{"id":14243,"date":"2020-06-13T22:12:08","date_gmt":"2020-06-13T20:12:08","guid":{"rendered":"https:\/\/www2.hu-berlin.de\/simoneweil-denkkollektiv\/?page_id=14243"},"modified":"2026-03-28T10:21:27","modified_gmt":"2026-03-28T09:21:27","slug":"beitraege-2","status":"publish","type":"page","link":"https:\/\/www2.hu-berlin.de\/simoneweil-denkkollektiv\/beitraege-2\/","title":{"rendered":"CONTRIBUTIONS"},"content":{"rendered":"\t\t<div data-elementor-type=\"wp-post\" data-elementor-id=\"14243\" class=\"elementor elementor-14243\" data-elementor-post-type=\"page\">\n\t\t\t\t\t\t<section class=\"elementor-section elementor-top-section elementor-element elementor-element-11e0a77 elementor-section-boxed elementor-section-height-default elementor-section-height-default\" data-id=\"11e0a77\" data-element_type=\"section\" data-e-type=\"section\">\n\t\t\t\t\t\t<div class=\"elementor-container elementor-column-gap-default\">\n\t\t\t\t\t<div class=\"elementor-column elementor-col-100 elementor-top-column elementor-element elementor-element-0a15b9f\" data-id=\"0a15b9f\" data-element_type=\"column\" data-e-type=\"column\">\n\t\t\t<div class=\"elementor-widget-wrap elementor-element-populated\">\n\t\t\t\t\t\t<div class=\"elementor-element elementor-element-7991649 elementor-widget elementor-widget-spacer\" data-id=\"7991649\" data-element_type=\"widget\" data-e-type=\"widget\" data-widget_type=\"spacer.default\">\n\t\t\t\t<div class=\"elementor-widget-container\">\n\t\t\t\t\t\t\t<div class=\"elementor-spacer\">\n\t\t\t<div class=\"elementor-spacer-inner\"><\/div>\n\t\t<\/div>\n\t\t\t\t\t\t<\/div>\n\t\t\t\t<\/div>\n\t\t\t\t\t<\/div>\n\t\t<\/div>\n\t\t\t\t\t<\/div>\n\t\t<\/section>\n\t\t\t\t<section class=\"elementor-section elementor-top-section elementor-element elementor-element-6e55c8e elementor-section-full_width elementor-section-height-default elementor-section-height-default\" data-id=\"6e55c8e\" data-element_type=\"section\" data-e-type=\"section\" data-settings=\"{&quot;background_background&quot;:&quot;classic&quot;}\">\n\t\t\t\t\t\t<div class=\"elementor-container elementor-column-gap-default\">\n\t\t\t\t\t<div class=\"elementor-column elementor-col-33 elementor-top-column elementor-element elementor-element-f54f5f6\" data-id=\"f54f5f6\" data-element_type=\"column\" data-e-type=\"column\">\n\t\t\t<div class=\"elementor-widget-wrap\">\n\t\t\t\t\t\t\t<\/div>\n\t\t<\/div>\n\t\t\t\t<div class=\"elementor-column elementor-col-33 elementor-top-column elementor-element elementor-element-3992514\" data-id=\"3992514\" data-element_type=\"column\" data-e-type=\"column\">\n\t\t\t<div class=\"elementor-widget-wrap elementor-element-populated\">\n\t\t\t\t\t\t<div class=\"elementor-element elementor-element-00478c9 elementor-widget elementor-widget-heading\" data-id=\"00478c9\" data-element_type=\"widget\" data-e-type=\"widget\" data-widget_type=\"heading.default\">\n\t\t\t\t<div class=\"elementor-widget-container\">\n\t\t\t\t\t<h2 class=\"elementor-heading-title elementor-size-default\">CONTRIBUTIONS<\/h2>\t\t\t\t<\/div>\n\t\t\t\t<\/div>\n\t\t\t\t\t<\/div>\n\t\t<\/div>\n\t\t\t\t<div class=\"elementor-column elementor-col-33 elementor-top-column elementor-element elementor-element-a851732\" data-id=\"a851732\" data-element_type=\"column\" data-e-type=\"column\">\n\t\t\t<div class=\"elementor-widget-wrap elementor-element-populated\">\n\t\t\t\t\t\t<div class=\"elementor-element elementor-element-0641a55 elementor-widget elementor-widget-image\" data-id=\"0641a55\" data-element_type=\"widget\" data-e-type=\"widget\" data-widget_type=\"image.default\">\n\t\t\t\t<div class=\"elementor-widget-container\">\n\t\t\t\t\t\t\t\t\t\t\t\t\t\t\t\t<a href=\"https:\/\/www2.hu-berlin.de\/simoneweil-denkkollektiv\/laporte\/\">\n\t\t\t\t\t\t\t<img decoding=\"async\" width=\"300\" height=\"142\" src=\"https:\/\/www2.hu-berlin.de\/simoneweil-denkkollektiv\/wp-content\/uploads\/2020\/06\/Logo_kreis-300x142.png\" class=\"attachment-medium size-medium wp-image-14149\" alt=\"\" srcset=\"https:\/\/www2.hu-berlin.de\/simoneweil-denkkollektiv\/wp-content\/uploads\/2020\/06\/Logo_kreis-300x142.png 300w, https:\/\/www2.hu-berlin.de\/simoneweil-denkkollektiv\/wp-content\/uploads\/2020\/06\/Logo_kreis-1024x485.png 1024w, https:\/\/www2.hu-berlin.de\/simoneweil-denkkollektiv\/wp-content\/uploads\/2020\/06\/Logo_kreis-768x364.png 768w, https:\/\/www2.hu-berlin.de\/simoneweil-denkkollektiv\/wp-content\/uploads\/2020\/06\/Logo_kreis-1536x728.png 1536w, https:\/\/www2.hu-berlin.de\/simoneweil-denkkollektiv\/wp-content\/uploads\/2020\/06\/Logo_kreis-2048x970.png 2048w, https:\/\/www2.hu-berlin.de\/simoneweil-denkkollektiv\/wp-content\/uploads\/2020\/06\/Logo_kreis-e1594802618155.png 1000w\" sizes=\"(max-width: 300px) 100vw, 300px\" \/>\t\t\t\t\t\t\t\t<\/a>\n\t\t\t\t\t\t\t\t\t\t\t\t\t\t\t<\/div>\n\t\t\t\t<\/div>\n\t\t\t\t\t<\/div>\n\t\t<\/div>\n\t\t\t\t\t<\/div>\n\t\t<\/section>\n\t\t\t\t<section class=\"elementor-section elementor-top-section elementor-element elementor-element-0beb8fd elementor-section-boxed elementor-section-height-default elementor-section-height-default\" data-id=\"0beb8fd\" data-element_type=\"section\" data-e-type=\"section\">\n\t\t\t\t\t\t<div class=\"elementor-container elementor-column-gap-default\">\n\t\t\t\t\t<div class=\"elementor-column elementor-col-100 elementor-top-column elementor-element elementor-element-dd64586\" data-id=\"dd64586\" data-element_type=\"column\" data-e-type=\"column\">\n\t\t\t<div class=\"elementor-widget-wrap elementor-element-populated\">\n\t\t\t\t\t\t<div class=\"elementor-element elementor-element-0295bda elementor-widget elementor-widget-spacer\" data-id=\"0295bda\" data-element_type=\"widget\" data-e-type=\"widget\" data-widget_type=\"spacer.default\">\n\t\t\t\t<div class=\"elementor-widget-container\">\n\t\t\t\t\t\t\t<div class=\"elementor-spacer\">\n\t\t\t<div class=\"elementor-spacer-inner\"><\/div>\n\t\t<\/div>\n\t\t\t\t\t\t<\/div>\n\t\t\t\t<\/div>\n\t\t\t\t\t<\/div>\n\t\t<\/div>\n\t\t\t\t\t<\/div>\n\t\t<\/section>\n\t\t\t\t<section class=\"elementor-section elementor-top-section elementor-element elementor-element-47a18c3 elementor-section-boxed elementor-section-height-default elementor-section-height-default\" data-id=\"47a18c3\" data-element_type=\"section\" data-e-type=\"section\" data-settings=\"{&quot;background_background&quot;:&quot;classic&quot;}\">\n\t\t\t\t\t\t<div class=\"elementor-container elementor-column-gap-default\">\n\t\t\t\t\t<div class=\"elementor-column elementor-col-100 elementor-top-column elementor-element elementor-element-ec86020\" data-id=\"ec86020\" data-element_type=\"column\" data-e-type=\"column\">\n\t\t\t<div class=\"elementor-widget-wrap elementor-element-populated\">\n\t\t\t\t\t\t<div class=\"elementor-element elementor-element-3103aab elementor-widget elementor-widget-shortcode\" data-id=\"3103aab\" data-element_type=\"widget\" data-e-type=\"widget\" data-widget_type=\"shortcode.default\">\n\t\t\t\t<div class=\"elementor-widget-container\">\n\t\t\t\t\t\t\t<div class=\"elementor-shortcode\"><style>\t\r\n\t#bf_gallery_1 .portfolio_thumbnail {\r\n\t\tborder-radius: 0;\r\n\t\tdisplay: block;\r\n\t\theight: auto;\r\n\t\tline-height: 1.42857;\r\n\t\twidth: 100%;\r\n\t\tfloat: left;\r\n\t}\r\n\r\n\t\/* thumb spacing *\/\r\n\r\n\t#bf_gallery_1 .col-xs-1, #bf_gallery_1 .col-sm-1, #bf_gallery_1 .col-md-1, #bf_gallery_1 .col-lg-1, #bf_gallery_1 .col-xs-2, #bf_gallery_1 .col-sm-2, #bf_gallery_1 .col-md-2, #bf_gallery_1 .col-lg-2, \r\n\t #bf_gallery_1 .col-xs-3, #bf_gallery_1 .col-sm-3, #bf_gallery_1 .col-md-3, #bf_gallery_1 .col-lg-3, #bf_gallery_1 .col-xs-4, #bf_gallery_1 .col-sm-4, #bf_gallery_1 .col-md-4, #bf_gallery_1 .col-lg-4, \r\n\t #bf_gallery_1 .col-xs-5, #bf_gallery_1 .col-sm-5, #bf_gallery_1 .col-md-5, #bf_gallery_1 .col-lg-5, #bf_gallery_1 .col-xs-6, #bf_gallery_1 .col-sm-6, #bf_gallery_1 .col-md-6, #bf_gallery_1 .col-lg-6, \r\n\t #bf_gallery_1 .col-xs-7, #bf_gallery_1 .col-sm-7, #bf_gallery_1 .col-md-7, #bf_gallery_1 .col-lg-7, #bf_gallery_1 .col-xs-8, #bf_gallery_1 .col-sm-8, #bf_gallery_1 .col-md-8, #bf_gallery_1 .col-lg-8, \r\n\t #bf_gallery_1 .col-xs-9, #bf_gallery_1 .col-sm-9, #bf_gallery_1 .col-md-9, #bf_gallery_1 .col-lg-9, #bf_gallery_1 .col-xs-10, #bf_gallery_1 .col-sm-10, #bf_gallery_1 .col-md-10, #bf_gallery_1 .col-lg-10, \r\n\t #bf_gallery_1 .col-xs-11, #bf_gallery_1 .col-sm-11, #bf_gallery_1 .col-md-11, #bf_gallery_1 .col-lg-11, #bf_gallery_1 .col-xs-12, #bf_gallery_1 .col-sm-12, #bf_gallery_1 .col-md-12, #bf_gallery_1 .col-lg-12 {\r\n\t\tpadding-right: 5px !important;\r\n\t\tpadding-left: 5px !important;\r\n\t\tpadding-bottom: 5px !important;\r\n\t\tpadding-top: 5px !important;\r\n\t}\r\n\t.simplefilter {\r\n\t\tfont-family: 'Raleway', Arial, sans-serif;\r\n\t\ttext-align: center;\r\n\t\ttext-transform: uppercase;\r\n\t\tfont-weight: 500;\r\n\t\tletter-spacing: 1px;\r\n\t\tpadding: 0;\r\n\t\tmargin:20px 0px 20px 0px;\r\n\t}\r\n\t.snip0047 {\r\n\t\tbackground-color: #ca7f7f !important;\r\n\t}\r\n\t.snip0047:focus {\r\n\t\tbackground-color: #ca7f7f !important;\r\n\t}\r\n\t.snip0047:active {\r\n\t\tbackground-color: #ca7f7f !important;\r\n\t}\r\n\t\t\t\r\n\t\t.snip0047.active span {\r\n\t\t\t-webkit-transform: translate3d(-20px, 0px, 0px);\r\n\t\t\ttransform: translate3d(-20px, 0px, 0px);\r\n\t\t\topacity: 1;\r\n\t\t}\r\n\t\t\r\n\t\t.snip0047.active i {\r\n\t\t\topacity: 1;\r\n\t\t\t-webkit-transition-delay: 0.15s;\r\n\t\t\ttransition-delay: 0.15s;\r\n\t\t}\r\n\t\t\r\n\t\t.snip0047.active:before {\r\n\t\t\twidth: 38px;\r\n\t\t\t-webkit-transition-delay: 0s;\r\n\t\t\ttransition-delay: 0s;\r\n\t\t\tborder-radius: 5px;\r\n\t\t}\r\n\t\t\r\n\t\t\r\n\t@media (min-width: 1025px){\r\n\t\t\t\t\t.snip0047:hover span {\r\n\t\t\t\t-webkit-transform: translate3d(-20px, 0px, 0px);\r\n\t\t\t\ttransform: translate3d(-20px, 0px, 0px);\r\n\t\t\t\topacity: 1;\r\n\t\t\t}\r\n\t\t\t.snip0047:hover i {\r\n\t\t\t\topacity: 1;\r\n\t\t\t\t-webkit-transition-delay: 0.15s;\r\n\t\t\t\ttransition-delay: 0.15s;\r\n\t\t\t}\r\n\t\t\t.snip0047:hover:before {\r\n\t\t\t\twidth: 38px;\r\n\t\t\t\t-webkit-transition-delay: 0s;\r\n\t\t\t\ttransition-delay: 0s;\r\n\t\t\t\tborder-radius: 5px;\r\n\t\t\t}\r\n\t\t\t\r\n\t\t\t}\r\n\t.blog_search {\r\n\t\tmargin-bottom:20px;\r\n\t\tdisplay: inline-block !important;\r\n\t}\r\n\t.blog_metaInfo {\r\n\t\tmargin-top: 10px;\r\n\t\tmargin-bottom: 10px;\r\n\t\tpadding: 0;\r\n\t\tfont-size: 14px;\r\n\t\tfont-weight: 600;\r\n\t\tdisplay:inline-block;\r\n\t}\r\n\t.bf_read_more_div_1 {\r\n\t\ttext-align: right;\r\n\t\tmargin:20px 0px 5px 0px;\r\n\t}\r\n\t.bf_read_more_1 {\r\n\t\ttext-decoration:none;\r\n\t} \r\n\t.bf_read_more_1:hover {\r\n\t\ttext-decoration:none;\r\n\t}\r\n\t.blog_pagination {\r\n\t\tdisplay: inline-block;\r\n\t\tpadding-left: 0;\r\n\t\tmargin: 20px 0;\r\n\t\tborder-radius: 4px;\r\n\t\tz-index:9;\r\n\t}\r\n\t.blog_pagination span { \r\n\t\tbackground : #000;\r\n\t\tborder: 1px solid #eaeaea;\r\n\t\tdisplay: inline-block;\r\n\t\ttext-align: center;\r\n\t\tcolor: #FFFFFF;\r\n\t\tpadding: 4px 12px;\r\n\t\tborder-radius:5px;\r\n\t}\r\n\t.blog_pagination span:hover { \r\n\t\tbackground : #000; \r\n\t\tcolor : #ffffff; \r\n\t}\r\n\t.blog_pagination a {\r\n\t\tborder: 1px solid #000;\r\n\t\tdisplay: inline-block;\r\n\t\ttext-align: center;\r\n\t\tcolor: #000;\r\n\t\tpadding: 4px 12px;\r\n\t\tborder-radius:5px;\r\n\t\ttransition: 0.7s;\r\n\t}\r\n\t.blog_pagination a:hover, .blog_pagination a:focus {\r\n\t\tbackground: #000;\r\n\t\tcolor: #FFFFFF;\r\n\t\ttext-decoration:none;\r\n\t}\r\n\t\r\n\tfigure.snip1228 figcaption i {\r\n\t\tbackground-color: #ca7f7f !important;\r\n\t}\r\n\t.comments-area{\r\n\t\tz-index:99;\r\n\t}\r\n\t.blog_loader {\r\n\t\tborder-top: 5px solid #ca7f7f !important;\r\n\t}\r\n\t\t\t\/* title box css*\/\r\n\r\n\t\t.bf_thumb_box_1 {\r\n\t\t\tpadding: inherit;\r\n\t\t\tbackground-color: #EDEEF0;\r\n\t\t\tborder: 1px solid;\r\n\t\t\tborder-color: rgba( 213, 216, 221 );\r\n\t\t\t\/* border-color: #d5d8dd; *\/\r\n\t\t}\r\n\t\t\t\t.bf_title_box_1 {\r\n\t\t\tpadding-top: 5px;\r\n\t\t\tpadding-bottom: 10px;\r\n\t\t\tpadding-left: 8px;\r\n\t\t\tpadding-right: 8px;\r\n\t\t}\r\n\t\t\t\t.bf_title_box_2 {\r\n\t\t\tpadding-top: 10px;\r\n\t\t\tpadding-bottom: 10px;\r\n\t\t\tpadding-left: 8px;\r\n\t\t\tpadding-right: 8px;\r\n\t\t}\r\n\t\t.bf_title_1 {\r\n\t\t\tmargin-top: 15px;\r\n\t\t\tmargin-bottom: 15px;\r\n\t\t\tfont-size: 25px;\r\n\t\t\tcolor : #000;\r\n\t\t\tfont-weight: bold;\r\n\t\t}\r\n\t\t.bf_desc_1 {\r\n\t\t\tfont-size: 14px;\r\n\t\t\tcolor: #000;\r\n\t\t\tmargin:10px 1px;\r\n\t\t}\r\n\t\t\r\n\t\t.blog_metaInfo > span {\r\n\t\t\tdisplay: inline-block;\r\n\t\t\tmargin-right: 6px;\r\n\t\t\tcolor: #777;\r\n\t\t}\r\n\t\t.blog_metaInfo > span > i > .blog_cat_icon {\r\n\t\t\theight: 16px !important;\r\n\t\t\twidth: 20px !important;\r\n\t\t\topacity: 0.7;\r\n\t\t\tmargin-bottom: 2px\r\n\t\t}\r\n\t\t.blog_metaInfo > span > i > .blog_tag_icon {\r\n\t\t\theight: 22px !important;\r\n\t\t\twidth: 22px !important;\r\n\t\t\tmargin-bottom: 2px\r\n\t\t} \r\n\t\t\r\n\t\t\r\n\t <\/style>\r\n<div class=\"blog_filter_main\" >\r\n\t\t<!-- filters -->\r\n\t\t\t\t<div class=\"text-center\">\r\n\t\t\t\t<ul class=\"simplefilter\">\r\n\t\t\t\t\t\t\t\t\t\t\t\t<li id=\"1\" class=\"snip0047\" value=\"1\" data-filter=\"1\"><span style=\"pointer-events: none;\">ALL<\/span><i class=\"fa fa-check\" style=\"pointer-events: none;\"><\/i><\/li>\r\n\t\t\t\t\t\t\t\t\t\t\t\t\t\t<li id=\"13\" class=\"snip0047\" value=\"13\" data-filter=\"13\"><span style=\"pointer-events: none;\">PODCASTS<\/span><i class=\"fa fa-check\" style=\"pointer-events: none;\"><\/i><\/li>\r\n\t\t\t\t\t\t\t\t\t\t\t\t\t\t<li id=\"15\" class=\"snip0047\" value=\"15\" data-filter=\"15\"><span style=\"pointer-events: none;\">TEXTS<\/span><i class=\"fa fa-check\" style=\"pointer-events: none;\"><\/i><\/li>\r\n\t\t\t\t\t\t\t\t\t\t\t\t\t\t<li id=\"14\" class=\"snip0047\" value=\"14\" data-filter=\"14\"><span style=\"pointer-events: none;\">VIDEOS<\/span><i class=\"fa fa-check\" style=\"pointer-events: none;\"><\/i><\/li>\r\n\t\t\t\t\t\t\t\t\t\t\t<\/ul>\r\n\t\t\t<\/div>\r\n\t\t\t\t\t\t<div class=\"search text-center\">\r\n\t\t\t\t<input type=\"text\" class=\"searchTerm\" name=\"blog_search\" placeholder=\"Search\" data-search>\r\n\t\t\t<\/div> \t<!-- posts -->\r\n\t<div id=\"bf_gallery_1\" class=\"filtr-container filters-div \" style=\"width:100%\">\r\n\t\t\t\t\t<div style=\"opacity:0;\" id=\"bf_23499\" data-category=\"1\" data-sort=\"ALL\" class=\" pfg_theme_1 filtr-item filtr_item_1 single_one col-lg-4 col-md-4 col-sm-6 col-xs-12\">\r\n\t\t\t\t<div class=\"bf_thumb_box_1  \">\r\n\t\t\t\t\t<div class=\"bf_title_box_1\">\r\n\t\t\t\t\t\t\t\t\t\t\t\t\t\t\t<h3 class=\"bf_title_1\">Rachel Pafe (Berlin): The Miracle of Love Amidst the Crushes of War: Thinking through The Iliad with Susan Taubes and Simone Weil<\/h3>\r\n\t\t\t\t\t\t\t\t\t\t\t\t\t<\/div>\r\n\t\t\t\t\t\t\t\t\t\t<div class=\"bf_title_box_2\">\r\n\t\t\t\t\t\t\t\t\t\t\t\t\t<div class=\"bf_desc_1\">\r\n\t\t\t\t\t\t\t\tRachel Pafe is a writer and researcher interested in modern Jewish thought and critical theories of mourning. She is currently doing a joint PhD at Goethe University of Frankfurt and Universit\u00e9 Lille...\t\t\t\t\t\t\t<\/div>\r\n\t\t\t\t\t\t\t\t\t\t\t\t<div class=\"bf_read_more_div_1\">\r\n\t\t\t\t\t\t\t<a class=\"snip0047 bf_read_more_1\" href=\"https:\/\/www2.hu-berlin.de\/simoneweil-denkkollektiv\/rachel-pafe-berlin-the-miracle-of-love\/\" target=\"\"><span>Read More<\/span><i class=\"fa fa-link\"><\/i><\/a>\r\n\t\t\t\t\t\t<\/div>\r\n\t\t\t\t\t\t\t\t\t\t\t<\/div>\r\n\t\t\t\t<\/div>\r\n\t\t\t<\/div>\r\n\t\t\t\t\t<div style=\"opacity:0;\" id=\"bf_17429\" data-category=\"15\" data-sort=\"TEXTS\" class=\" pfg_theme_1 filtr-item filtr_item_1 single_one col-lg-4 col-md-4 col-sm-6 col-xs-12\">\r\n\t\t\t\t<div class=\"bf_thumb_box_1  \">\r\n\t\t\t\t\t<div class=\"bf_title_box_1\">\r\n\t\t\t\t\t\t\t\t\t\t\t\t\t\t\t<h3 class=\"bf_title_1\">Marcus Steinweg (Berlin): &#8220;Notizen zu Simone Weil&#8221;<\/h3>\r\n\t\t\t\t\t\t\t\t\t\t\t\t\t<\/div>\r\n\t\t\t\t\t\t\t\t\t\t<div class=\"bf_title_box_2\">\r\n\t\t\t\t\t\t\t\t\t\t\t\t\t<div class=\"bf_desc_1\">\r\n\t\t\t\t\t\t\t\tLeseschl\u00fcssel Die hier gelisteten \u2013 teils ver\u00f6ffentlichten, teils unver\u00f6ffentlichten \u2013 Notizen von Marcus Steinweg beziehen sich allesamt auf Simone Weil. Die Liste ist offen und wird schrittwe...\t\t\t\t\t\t\t<\/div>\r\n\t\t\t\t\t\t\t\t\t\t\t\t<div class=\"bf_read_more_div_1\">\r\n\t\t\t\t\t\t\t<a class=\"snip0047 bf_read_more_1\" href=\"https:\/\/www2.hu-berlin.de\/simoneweil-denkkollektiv\/marcus-steinweg-berlin\/\" target=\"\"><span>Read More<\/span><i class=\"fa fa-link\"><\/i><\/a>\r\n\t\t\t\t\t\t<\/div>\r\n\t\t\t\t\t\t\t\t\t\t\t<\/div>\r\n\t\t\t\t<\/div>\r\n\t\t\t<\/div>\r\n\t\t\t\t\t<div style=\"opacity:0;\" id=\"bf_23087\" data-category=\"15\" data-sort=\"TEXTS\" class=\" pfg_theme_1 filtr-item filtr_item_1 single_one col-lg-4 col-md-4 col-sm-6 col-xs-12\">\r\n\t\t\t\t<div class=\"bf_thumb_box_1  \">\r\n\t\t\t\t\t<div class=\"bf_title_box_1\">\r\n\t\t\t\t\t\t\t\t\t\t\t\t\t\t\t<h3 class=\"bf_title_1\">Elisabeth Hubmann (Gen\u00e8ve): Organ improvisations in response to Simone Weil\u2019s \u201cLes Lutins du feu\u201d (ca. 1921\/22)<\/h3>\r\n\t\t\t\t\t\t\t\t\t\t\t\t\t<\/div>\r\n\t\t\t\t\t\t\t\t\t\t<div class=\"bf_title_box_2\">\r\n\t\t\t\t\t\t\t\t\t\t\t\t\t<div class=\"bf_desc_1\">\r\n\t\t\t\t\t\t\t\tIl dansait, il dansait toujours, le peuple des \u00e2mes candides, des \u00e2mes des enfants qui ne sont pas encore n\u00e9s; attendant leur tour d\u2019\u00eatre des hommes, les lutins se poursuivaient sur les b\u00fbches ...\t\t\t\t\t\t\t<\/div>\r\n\t\t\t\t\t\t\t\t\t\t\t\t<div class=\"bf_read_more_div_1\">\r\n\t\t\t\t\t\t\t<a class=\"snip0047 bf_read_more_1\" href=\"https:\/\/www2.hu-berlin.de\/simoneweil-denkkollektiv\/elisabeth-hubmann-geneve-organ-improvisations-in-response-to-simone-weils-les-lutins-du-feu-ca-1921-22\/\" target=\"\"><span>Read More<\/span><i class=\"fa fa-link\"><\/i><\/a>\r\n\t\t\t\t\t\t<\/div>\r\n\t\t\t\t\t\t\t\t\t\t\t<\/div>\r\n\t\t\t\t<\/div>\r\n\t\t\t<\/div>\r\n\t\t\t\t\t<div style=\"opacity:0;\" id=\"bf_18441\" data-category=\"15\" data-sort=\"TEXTS\" class=\" pfg_theme_1 filtr-item filtr_item_1 single_one col-lg-4 col-md-4 col-sm-6 col-xs-12\">\r\n\t\t\t\t<div class=\"bf_thumb_box_1  \">\r\n\t\t\t\t\t<div class=\"bf_title_box_1\">\r\n\t\t\t\t\t\t\t\t\t\t\t\t\t\t\t<h3 class=\"bf_title_1\">Wolfram Eilenberger (Berlin) und Mae Bengert (Berlin): Eine Denkerin der radikalen Hoffnung<\/h3>\r\n\t\t\t\t\t\t\t\t\t\t\t\t\t<\/div>\r\n\t\t\t\t\t\t\t\t\t\t<div class=\"bf_title_box_2\">\r\n\t\t\t\t\t\t\t\t\t\t\t\t\t<div class=\"bf_desc_1\">\r\n\t\t\t\t\t\t\t\tOverview Am 31. Januar 2021 diskutierten Martina Bengert und Wolfram Eilenberger in dem von Simone Miller moderierten Podcast &#8220;Philosophin Simone Weil. Eine Denkerin der radikalen Hoffnung&#8221...\t\t\t\t\t\t\t<\/div>\r\n\t\t\t\t\t\t\t\t\t\t\t\t<div class=\"bf_read_more_div_1\">\r\n\t\t\t\t\t\t\t<a class=\"snip0047 bf_read_more_1\" href=\"https:\/\/www2.hu-berlin.de\/simoneweil-denkkollektiv\/wolfram-eilenberger-berlin-und-martina-bengert-den%ca%9ekollektiv-eine-denkerin-der-radikalen-hoffnung\/\" target=\"\"><span>Read More<\/span><i class=\"fa fa-link\"><\/i><\/a>\r\n\t\t\t\t\t\t<\/div>\r\n\t\t\t\t\t\t\t\t\t\t\t<\/div>\r\n\t\t\t\t<\/div>\r\n\t\t\t<\/div>\r\n\t\t\t\t\t<div style=\"opacity:0;\" id=\"bf_18330\" data-category=\"15\" data-sort=\"TEXTS\" class=\" pfg_theme_1 filtr-item filtr_item_1 single_one col-lg-4 col-md-4 col-sm-6 col-xs-12\">\r\n\t\t\t\t<div class=\"bf_thumb_box_1  \">\r\n\t\t\t\t\t<div class=\"bf_title_box_1\">\r\n\t\t\t\t\t\t\t\t\t\t\t\t\t\t\t<h3 class=\"bf_title_1\">Chris Kraus (Los Angeles): Simone Weil. Two Days in February<\/h3>\r\n\t\t\t\t\t\t\t\t\t\t\t\t\t<\/div>\r\n\t\t\t\t\t\t\t\t\t\t<div class=\"bf_title_box_2\">\r\n\t\t\t\t\t\t\t\t\t\t\t\t\t<div class=\"bf_desc_1\">\r\n\t\t\t\t\t\t\t\tTHE PAPIER coll\u00e9 AS PART OF THE \u00bbPAPIER coll\u00e9 SIMONE WEIL\u00ab WE INVITED WRITERS AND ARTISTS TO SHARE THEIR IDEAS ON SIMONE WEIL. SOME BITS AND PIECES, SOME MATERIAL, THOUGHTS&#8230; TRACES AND LINES...\t\t\t\t\t\t\t<\/div>\r\n\t\t\t\t\t\t\t\t\t\t\t\t<div class=\"bf_read_more_div_1\">\r\n\t\t\t\t\t\t\t<a class=\"snip0047 bf_read_more_1\" href=\"https:\/\/www2.hu-berlin.de\/simoneweil-denkkollektiv\/chris-kraus-simone-weil-two-days-in-february\/\" target=\"\"><span>Read More<\/span><i class=\"fa fa-link\"><\/i><\/a>\r\n\t\t\t\t\t\t<\/div>\r\n\t\t\t\t\t\t\t\t\t\t\t<\/div>\r\n\t\t\t\t<\/div>\r\n\t\t\t<\/div>\r\n\t\t\t\t\t<div style=\"opacity:0;\" id=\"bf_18309\" data-category=\"15\" data-sort=\"TEXTS\" class=\" pfg_theme_1 filtr-item filtr_item_1 single_one col-lg-4 col-md-4 col-sm-6 col-xs-12\">\r\n\t\t\t\t<div class=\"bf_thumb_box_1  \">\r\n\t\t\t\t\t<div class=\"bf_title_box_1\">\r\n\t\t\t\t\t\t\t\t\t\t\t\t\t\t\t<h3 class=\"bf_title_1\">Mark von Schlegell: Simone Azul<\/h3>\r\n\t\t\t\t\t\t\t\t\t\t\t\t\t<\/div>\r\n\t\t\t\t\t\t\t\t\t\t<div class=\"bf_title_box_2\">\r\n\t\t\t\t\t\t\t\t\t\t\t\t\t<div class=\"bf_desc_1\">\r\n\t\t\t\t\t\t\t\tTHE PAPIER coll\u00e9 AS PART OF THE \u00bbPAPIER coll\u00e9 SIMONE WEIL\u00ab WE INVITED WRITERS AND ARTISTS TO SHARE THEIR IDEAS ON SIMONE WEIL. SOME BITS AND PIECES, SOME MATERIAL, THOUGHTS&#8230; TRACES AND LINES...\t\t\t\t\t\t\t<\/div>\r\n\t\t\t\t\t\t\t\t\t\t\t\t<div class=\"bf_read_more_div_1\">\r\n\t\t\t\t\t\t\t<a class=\"snip0047 bf_read_more_1\" href=\"https:\/\/www2.hu-berlin.de\/simoneweil-denkkollektiv\/marc-von-schlegell-simone-azul\/\" target=\"\"><span>Read More<\/span><i class=\"fa fa-link\"><\/i><\/a>\r\n\t\t\t\t\t\t<\/div>\r\n\t\t\t\t\t\t\t\t\t\t\t<\/div>\r\n\t\t\t\t<\/div>\r\n\t\t\t<\/div>\r\n\t\t\t\t\t<div style=\"opacity:0;\" id=\"bf_17768\" data-category=\"15\" data-sort=\"TEXTS\" class=\" pfg_theme_1 filtr-item filtr_item_1 single_one col-lg-4 col-md-4 col-sm-6 col-xs-12\">\r\n\t\t\t\t<div class=\"bf_thumb_box_1  \">\r\n\t\t\t\t\t<div class=\"bf_title_box_1\">\r\n\t\t\t\t\t\t\t\t\t\t\t\t\t\t\t<h3 class=\"bf_title_1\">Thomas Hirschhorn (Paris): SIMONE WEIL WORKS<\/h3>\r\n\t\t\t\t\t\t\t\t\t\t\t\t\t<\/div>\r\n\t\t\t\t\t\t\t\t\t\t<div class=\"bf_title_box_2\">\r\n\t\t\t\t\t\t\t\t\t\t\t\t\t<div class=\"bf_desc_1\">\r\n\t\t\t\t\t\t\t\tOVERVIEW Since 2019 at the Engadin Art Talks, Thomas Hirschon has intensively engaged with Simone Weil. The den\u029ekollektiv thanks Thomas to present seven art works: (1) Me, She, (2) Simone Weil Map, (...\t\t\t\t\t\t\t<\/div>\r\n\t\t\t\t\t\t\t\t\t\t\t\t<div class=\"bf_read_more_div_1\">\r\n\t\t\t\t\t\t\t<a class=\"snip0047 bf_read_more_1\" href=\"https:\/\/www2.hu-berlin.de\/simoneweil-denkkollektiv\/thomas-hirschhorn-paris-simone-weil-works\/\" target=\"\"><span>Read More<\/span><i class=\"fa fa-link\"><\/i><\/a>\r\n\t\t\t\t\t\t<\/div>\r\n\t\t\t\t\t\t\t\t\t\t\t<\/div>\r\n\t\t\t\t<\/div>\r\n\t\t\t<\/div>\r\n\t\t\t\t\t<div style=\"opacity:0;\" id=\"bf_17656\" data-category=\"13, 15\" data-sort=\"TEXTS\" class=\" pfg_theme_1 filtr-item filtr_item_1 single_one col-lg-4 col-md-4 col-sm-6 col-xs-12\">\r\n\t\t\t\t<div class=\"bf_thumb_box_1  \">\r\n\t\t\t\t\t<div class=\"bf_title_box_1\">\r\n\t\t\t\t\t\t\t\t\t\t\t\t\t\t\t<h3 class=\"bf_title_1\">Isabella Schwaderer (Kiel): Cutting Up and Assembling. La pesanteur et la gr\u00e2ce Revisited.<\/h3>\r\n\t\t\t\t\t\t\t\t\t\t\t\t\t<\/div>\r\n\t\t\t\t\t\t\t\t\t\t<div class=\"bf_title_box_2\">\r\n\t\t\t\t\t\t\t\t\t\t\t\t\t<div class=\"bf_desc_1\">\r\n\t\t\t\t\t\t\t\tIsabella is a lecturer in Religious Studies at the University of Kiel. She was previously lecturing at the universities of W\u00fcrzburg, Erfurt and Jena. She studied Greek and Latin Philology as well as ...\t\t\t\t\t\t\t<\/div>\r\n\t\t\t\t\t\t\t\t\t\t\t\t<div class=\"bf_read_more_div_1\">\r\n\t\t\t\t\t\t\t<a class=\"snip0047 bf_read_more_1\" href=\"https:\/\/www2.hu-berlin.de\/simoneweil-denkkollektiv\/isabella-schwaderer-erfurt-cutting-up-and-assembling-la-pesanteur-et-la-grace-revisited\/\" target=\"\"><span>Read More<\/span><i class=\"fa fa-link\"><\/i><\/a>\r\n\t\t\t\t\t\t<\/div>\r\n\t\t\t\t\t\t\t\t\t\t\t<\/div>\r\n\t\t\t\t<\/div>\r\n\t\t\t<\/div>\r\n\t\t\t\t\t<div style=\"opacity:0;\" id=\"bf_17599\" data-category=\"15\" data-sort=\"TEXTS\" class=\" pfg_theme_1 filtr-item filtr_item_1 single_one col-lg-4 col-md-4 col-sm-6 col-xs-12\">\r\n\t\t\t\t<div class=\"bf_thumb_box_1  \">\r\n\t\t\t\t\t<div class=\"bf_title_box_1\">\r\n\t\t\t\t\t\t\t\t\t\t\t\t\t\t\t<h3 class=\"bf_title_1\">Luca Pellarin (Erfurt) &#038; Thomas Sojer (den\u029ekollektiv): Reading Pierre-Joseph Proudhon &#8211; Franz C. Overbeck and Simone Weil in catalogical notes.<\/h3>\r\n\t\t\t\t\t\t\t\t\t\t\t\t\t<\/div>\r\n\t\t\t\t\t\t\t\t\t\t<div class=\"bf_title_box_2\">\r\n\t\t\t\t\t\t\t\t\t\t\t\t\t<div class=\"bf_desc_1\">\r\n\t\t\t\t\t\t\t\tThe French political theorist Pierre-Joseph Proudhon (1809-1865), the German theologian Franz C. Overbeck (1837-1905), and the French philosopher Simone Weil (1909-1943) share an interest in rethinkin...\t\t\t\t\t\t\t<\/div>\r\n\t\t\t\t\t\t\t\t\t\t\t\t<div class=\"bf_read_more_div_1\">\r\n\t\t\t\t\t\t\t<a class=\"snip0047 bf_read_more_1\" href=\"https:\/\/www2.hu-berlin.de\/simoneweil-denkkollektiv\/proudhon\/\" target=\"\"><span>Read More<\/span><i class=\"fa fa-link\"><\/i><\/a>\r\n\t\t\t\t\t\t<\/div>\r\n\t\t\t\t\t\t\t\t\t\t\t<\/div>\r\n\t\t\t\t<\/div>\r\n\t\t\t<\/div>\r\n\t\t\t\t\t<div style=\"opacity:0;\" id=\"bf_17588\" data-category=\"15\" data-sort=\"TEXTS\" class=\" pfg_theme_1 filtr-item filtr_item_1 single_one col-lg-4 col-md-4 col-sm-6 col-xs-12\">\r\n\t\t\t\t<div class=\"bf_thumb_box_1  \">\r\n\t\t\t\t\t<div class=\"bf_title_box_1\">\r\n\t\t\t\t\t\t\t\t\t\t\t\t\t\t\t<h3 class=\"bf_title_1\">Book Launch of &#8216;Effort and Grace&#8217; by Simone Kotva<\/h3>\r\n\t\t\t\t\t\t\t\t\t\t\t\t\t<\/div>\r\n\t\t\t\t\t\t\t\t\t\t<div class=\"bf_title_box_2\">\r\n\t\t\t\t\t\t\t\t\t\t\t\t\t<div class=\"bf_desc_1\">\r\n\t\t\t\t\t\t\t\tFor activity to be passive, it must receive something from beyond itself; it must be in excess of itself. By the spiritual I mean this fact of experience in excess of voluntary effort, of which exerci...\t\t\t\t\t\t\t<\/div>\r\n\t\t\t\t\t\t\t\t\t\t\t\t<div class=\"bf_read_more_div_1\">\r\n\t\t\t\t\t\t\t<a class=\"snip0047 bf_read_more_1\" href=\"https:\/\/www2.hu-berlin.de\/simoneweil-denkkollektiv\/book-launch\/\" target=\"\"><span>Read More<\/span><i class=\"fa fa-link\"><\/i><\/a>\r\n\t\t\t\t\t\t<\/div>\r\n\t\t\t\t\t\t\t\t\t\t\t<\/div>\r\n\t\t\t\t<\/div>\r\n\t\t\t<\/div>\r\n\t\t\t\t\t<div style=\"opacity:0;\" id=\"bf_17558\" data-category=\"15\" data-sort=\"TEXTS\" class=\" pfg_theme_1 filtr-item filtr_item_1 single_one col-lg-4 col-md-4 col-sm-6 col-xs-12\">\r\n\t\t\t\t<div class=\"bf_thumb_box_1  \">\r\n\t\t\t\t\t<div class=\"bf_title_box_1\">\r\n\t\t\t\t\t\t\t\t\t\t\t\t\t\t\t<h3 class=\"bf_title_1\">Stephanie Strickland (New York): &#8220;Soul Learns Everything from Body&#8221;<\/h3>\r\n\t\t\t\t\t\t\t\t\t\t\t\t\t<\/div>\r\n\t\t\t\t\t\t\t\t\t\t<div class=\"bf_title_box_2\">\r\n\t\t\t\t\t\t\t\t\t\t\t\t\t<div class=\"bf_desc_1\">\r\n\t\t\t\t\t\t\t\tKey In this poem, Stephanie refers to Simone Weil&#8217;s notion of &#8220;reading,&#8221; one of the ways we are physically imbricated in knowing. Stephanie shares Robert Kemp&#8217;s wish. Kemp spea...\t\t\t\t\t\t\t<\/div>\r\n\t\t\t\t\t\t\t\t\t\t\t\t<div class=\"bf_read_more_div_1\">\r\n\t\t\t\t\t\t\t<a class=\"snip0047 bf_read_more_1\" href=\"https:\/\/www2.hu-berlin.de\/simoneweil-denkkollektiv\/stephanie-strickland-new-york-soul-learns-everything-from-body\/\" target=\"\"><span>Read More<\/span><i class=\"fa fa-link\"><\/i><\/a>\r\n\t\t\t\t\t\t<\/div>\r\n\t\t\t\t\t\t\t\t\t\t\t<\/div>\r\n\t\t\t\t<\/div>\r\n\t\t\t<\/div>\r\n\t\t\t\t\t<div style=\"opacity:0;\" id=\"bf_16362\" data-category=\"15\" data-sort=\"TEXTS\" class=\" pfg_theme_1 filtr-item filtr_item_1 single_one col-lg-4 col-md-4 col-sm-6 col-xs-12\">\r\n\t\t\t\t<div class=\"bf_thumb_box_1  \">\r\n\t\t\t\t\t<div class=\"bf_title_box_1\">\r\n\t\t\t\t\t\t\t\t\t\t\t\t\t\t\t<h3 class=\"bf_title_1\">Spellbound (Berlin)<\/h3>\r\n\t\t\t\t\t\t\t\t\t\t\t\t\t<\/div>\r\n\t\t\t\t\t\t\t\t\t\t<div class=\"bf_title_box_2\">\r\n\t\t\t\t\t\t\t\t\t\t\t\t\t<div class=\"bf_desc_1\">\r\n\t\t\t\t\t\t\t\tPar exemple je me suis toujours interdit de penser \u00e0 une vie future, mais j&#8217;ai toujours cru que l&#8217;instant de la mort est la norme et le but de la vie. Je pensais que pour ceux qui vivent ...\t\t\t\t\t\t\t<\/div>\r\n\t\t\t\t\t\t\t\t\t\t\t\t<div class=\"bf_read_more_div_1\">\r\n\t\t\t\t\t\t\t<a class=\"snip0047 bf_read_more_1\" href=\"https:\/\/www2.hu-berlin.de\/simoneweil-denkkollektiv\/spellbound-berlin\/\" target=\"\"><span>Read More<\/span><i class=\"fa fa-link\"><\/i><\/a>\r\n\t\t\t\t\t\t<\/div>\r\n\t\t\t\t\t\t\t\t\t\t\t<\/div>\r\n\t\t\t\t<\/div>\r\n\t\t\t<\/div>\r\n\t\t\t\t\t<div style=\"opacity:0;\" id=\"bf_17261\" data-category=\"15\" data-sort=\"TEXTS\" class=\" pfg_theme_1 filtr-item filtr_item_1 single_one col-lg-4 col-md-4 col-sm-6 col-xs-12\">\r\n\t\t\t\t<div class=\"bf_thumb_box_1  \">\r\n\t\t\t\t\t<div class=\"bf_title_box_1\">\r\n\t\t\t\t\t\t\t\t\t\t\t\t\t\t\t<h3 class=\"bf_title_1\">Knut Ebeling (Berlin) on &#8220;Kopfloses Schreiben. Autotheorie zwischen Reflexion und Resonanz&#8221;<\/h3>\r\n\t\t\t\t\t\t\t\t\t\t\t\t\t<\/div>\r\n\t\t\t\t\t\t\t\t\t\t<div class=\"bf_title_box_2\">\r\n\t\t\t\t\t\t\t\t\t\t\t\t\t<div class=\"bf_desc_1\">\r\n\t\t\t\t\t\t\t\tLe mouvement d&#8217;\u00e9crire sous l&#8217;attrait du dehors Maurice Blanchot, 1969 \u00a0 en dehors de cela &#8211; mais pas au dehors: \u00a0 L&#8217;avenir KNUT EBELING Knut is professor of media studies an...\t\t\t\t\t\t\t<\/div>\r\n\t\t\t\t\t\t\t\t\t\t\t\t<div class=\"bf_read_more_div_1\">\r\n\t\t\t\t\t\t\t<a class=\"snip0047 bf_read_more_1\" href=\"https:\/\/www2.hu-berlin.de\/simoneweil-denkkollektiv\/knut-ebeling-berlin\/\" target=\"\"><span>Read More<\/span><i class=\"fa fa-link\"><\/i><\/a>\r\n\t\t\t\t\t\t<\/div>\r\n\t\t\t\t\t\t\t\t\t\t\t<\/div>\r\n\t\t\t\t<\/div>\r\n\t\t\t<\/div>\r\n\t\t\t\t\t<div style=\"opacity:0;\" id=\"bf_16383\" data-category=\"1\" data-sort=\"ALL\" class=\" pfg_theme_1 filtr-item filtr_item_1 single_one col-lg-4 col-md-4 col-sm-6 col-xs-12\">\r\n\t\t\t\t<div class=\"bf_thumb_box_1  \">\r\n\t\t\t\t\t<div class=\"bf_title_box_1\">\r\n\t\t\t\t\t\t\t\t\t\t\t\t\t\t\t<h3 class=\"bf_title_1\">death | text | resonance &#8211; Simone Weil and Writing to(wards) Death<\/h3>\r\n\t\t\t\t\t\t\t\t\t\t\t\t\t<\/div>\r\n\t\t\t\t\t\t\t\t\t\t<div class=\"bf_title_box_2\">\r\n\t\t\t\t\t\t\t\t\t\t\t\t\t<div class=\"bf_desc_1\">\r\n\t\t\t\t\t\t\t\tVideo conferences July 23rd 5 p.m. \u2013 6:30 p.m. CET Moderation: Martina Bengert Podium: Simone Kotva &amp; Hartmut Rosa July 24th 7 p.m. \u2013 8:30 p.m CET Moderation: Max Walther Podium: Johanna Nuber...\t\t\t\t\t\t\t<\/div>\r\n\t\t\t\t\t\t\t\t\t\t\t\t<div class=\"bf_read_more_div_1\">\r\n\t\t\t\t\t\t\t<a class=\"snip0047 bf_read_more_1\" href=\"https:\/\/www2.hu-berlin.de\/simoneweil-denkkollektiv\/death-text-resonance-program\/\" target=\"\"><span>Read More<\/span><i class=\"fa fa-link\"><\/i><\/a>\r\n\t\t\t\t\t\t<\/div>\r\n\t\t\t\t\t\t\t\t\t\t\t<\/div>\r\n\t\t\t\t<\/div>\r\n\t\t\t<\/div>\r\n\t\t\t\t\t<div style=\"opacity:0;\" id=\"bf_16290\" data-category=\"14\" data-sort=\"VIDEOS\" class=\" pfg_theme_1 filtr-item filtr_item_1 single_one col-lg-4 col-md-4 col-sm-6 col-xs-12\">\r\n\t\t\t\t<div class=\"bf_thumb_box_1  \">\r\n\t\t\t\t\t<div class=\"bf_title_box_1\">\r\n\t\t\t\t\t\t\t\t\t\t\t\t\t\t\t<h3 class=\"bf_title_1\">Simone Kotva (Cambridge) &#038; Hartmut Rosa (Jena)<\/h3>\r\n\t\t\t\t\t\t\t\t\t\t\t\t\t<\/div>\r\n\t\t\t\t\t\t\t\t\t\t<div class=\"bf_title_box_2\">\r\n\t\t\t\t\t\t\t\t\t\t\t\t\t<div class=\"bf_desc_1\">\r\n\t\t\t\t\t\t\t\tIl faut changer le rapport entre le corps et le monde. On ne se d\u00e9tache pas, on change d&#8217;attachement. S&#8217;attacher \u00e0 tout. \u00c0 travers chaque sensation, sentir l&#8217;univers. Simone Weil,...\t\t\t\t\t\t\t<\/div>\r\n\t\t\t\t\t\t\t\t\t\t\t\t<div class=\"bf_read_more_div_1\">\r\n\t\t\t\t\t\t\t<a class=\"snip0047 bf_read_more_1\" href=\"https:\/\/www2.hu-berlin.de\/simoneweil-denkkollektiv\/simone-kotva-cambridge-hartmut-rosa-jena\/\" target=\"\"><span>Read More<\/span><i class=\"fa fa-link\"><\/i><\/a>\r\n\t\t\t\t\t\t<\/div>\r\n\t\t\t\t\t\t\t\t\t\t\t<\/div>\r\n\t\t\t\t<\/div>\r\n\t\t\t<\/div>\r\n\t\t\t\t\t<div style=\"opacity:0;\" id=\"bf_16245\" data-category=\"13, 15\" data-sort=\"TEXTS\" class=\" pfg_theme_1 filtr-item filtr_item_1 single_one col-lg-4 col-md-4 col-sm-6 col-xs-12\">\r\n\t\t\t\t<div class=\"bf_thumb_box_1  \">\r\n\t\t\t\t\t<div class=\"bf_title_box_1\">\r\n\t\t\t\t\t\t\t\t\t\t\t\t\t\t\t<h3 class=\"bf_title_1\">Linn Tonstad (Yale) on &#8220;Writing the Suffering Body&#8221;<\/h3>\r\n\t\t\t\t\t\t\t\t\t\t\t\t\t<\/div>\r\n\t\t\t\t\t\t\t\t\t\t<div class=\"bf_title_box_2\">\r\n\t\t\t\t\t\t\t\t\t\t\t\t\t<div class=\"bf_desc_1\">\r\n\t\t\t\t\t\t\t\tCe po\u00e8me [l\u2019Iliade] est une chose miraculeuse. L&#8217;amertume y porte sur la seule juste cause d&#8217;amertume, la subordination de l&#8217;\u00e2me humaine \u00e0 la force, c&#8217;est-\u00e0-dire, en fin ...\t\t\t\t\t\t\t<\/div>\r\n\t\t\t\t\t\t\t\t\t\t\t\t<div class=\"bf_read_more_div_1\">\r\n\t\t\t\t\t\t\t<a class=\"snip0047 bf_read_more_1\" href=\"https:\/\/www2.hu-berlin.de\/simoneweil-denkkollektiv\/linn-tonstad-yale-on-writing-the-suffering-body\/\" target=\"\"><span>Read More<\/span><i class=\"fa fa-link\"><\/i><\/a>\r\n\t\t\t\t\t\t<\/div>\r\n\t\t\t\t\t\t\t\t\t\t\t<\/div>\r\n\t\t\t\t<\/div>\r\n\t\t\t<\/div>\r\n\t\t\t\t\t<div style=\"opacity:0;\" id=\"bf_16264\" data-category=\"13, 15\" data-sort=\"TEXTS\" class=\" pfg_theme_1 filtr-item filtr_item_1 single_one col-lg-4 col-md-4 col-sm-6 col-xs-12\">\r\n\t\t\t\t<div class=\"bf_thumb_box_1  \">\r\n\t\t\t\t\t<div class=\"bf_title_box_1\">\r\n\t\t\t\t\t\t\t\t\t\t\t\t\t\t\t<h3 class=\"bf_title_1\">Gwendolen Dupr\u00e9 (Glasgow) on &#8220;Simone Weil&#8217;s Void and the Delicacies of the Feast&#8221;<\/h3>\r\n\t\t\t\t\t\t\t\t\t\t\t\t\t<\/div>\r\n\t\t\t\t\t\t\t\t\t\t<div class=\"bf_title_box_2\">\r\n\t\t\t\t\t\t\t\t\t\t\t\t\t<div class=\"bf_desc_1\">\r\n\t\t\t\t\t\t\t\tCe qu&#8217;on mange est d\u00e9truit, n&#8217;est plus r\u00e9el. Simone Weil, &#8220;La pesanteur et la gr\u00e2ce&#8221;, 1943 GWENDOLEN DUPR\u00e9 Abstract Gwendolen holds a MPhil in Philosophy of Religion from t...\t\t\t\t\t\t\t<\/div>\r\n\t\t\t\t\t\t\t\t\t\t\t\t<div class=\"bf_read_more_div_1\">\r\n\t\t\t\t\t\t\t<a class=\"snip0047 bf_read_more_1\" href=\"https:\/\/www2.hu-berlin.de\/simoneweil-denkkollektiv\/gwendolen-dupre-glasgow-on-simone-weils-void-and-the-delicacies-of-the-feast\/\" target=\"\"><span>Read More<\/span><i class=\"fa fa-link\"><\/i><\/a>\r\n\t\t\t\t\t\t<\/div>\r\n\t\t\t\t\t\t\t\t\t\t\t<\/div>\r\n\t\t\t\t<\/div>\r\n\t\t\t<\/div>\r\n\t\t\t\t\t<div style=\"opacity:0;\" id=\"bf_16368\" data-category=\"13, 15\" data-sort=\"TEXTS\" class=\" pfg_theme_1 filtr-item filtr_item_1 single_one col-lg-4 col-md-4 col-sm-6 col-xs-12\">\r\n\t\t\t\t<div class=\"bf_thumb_box_1  \">\r\n\t\t\t\t\t<div class=\"bf_title_box_1\">\r\n\t\t\t\t\t\t\t\t\t\t\t\t\t\t\t<h3 class=\"bf_title_1\">Johanna Nuber (Halle) on &#8220;Writing from out of death \u2013 Reading Alejandra Pizarnik\u2019s poetics of the corpse through the lens of grace &#038; decreation&#8221;<\/h3>\r\n\t\t\t\t\t\t\t\t\t\t\t\t\t<\/div>\r\n\t\t\t\t\t\t\t\t\t\t<div class=\"bf_title_box_2\">\r\n\t\t\t\t\t\t\t\t\t\t\t\t\t<div class=\"bf_desc_1\">\r\n\t\t\t\t\t\t\t\tIl ne faut pas \u00eatre moi, mais il faut encore moins \u00eatre nous. [\u2026] Prendre le sentiment d&#8217;\u00eatre chez soi dans l&#8217;exil. Etre enracin\u00e9 dans l&#8217;absence de lieu. [\u2026] S&#8217;exiler d...\t\t\t\t\t\t\t<\/div>\r\n\t\t\t\t\t\t\t\t\t\t\t\t<div class=\"bf_read_more_div_1\">\r\n\t\t\t\t\t\t\t<a class=\"snip0047 bf_read_more_1\" href=\"https:\/\/www2.hu-berlin.de\/simoneweil-denkkollektiv\/johanna-nuber-halle-on-writing-from-out-of-death-reading-alejandra-pizarniks-poetics-of-the-corpse-through-the-lens-of-grace-decreation\/\" target=\"\"><span>Read More<\/span><i class=\"fa fa-link\"><\/i><\/a>\r\n\t\t\t\t\t\t<\/div>\r\n\t\t\t\t\t\t\t\t\t\t\t<\/div>\r\n\t\t\t\t<\/div>\r\n\t\t\t<\/div>\r\n\t\t\t\t\t<div style=\"opacity:0;\" id=\"bf_16283\" data-category=\"13, 15\" data-sort=\"TEXTS\" class=\" pfg_theme_1 filtr-item filtr_item_1 single_one col-lg-4 col-md-4 col-sm-6 col-xs-12\">\r\n\t\t\t\t<div class=\"bf_thumb_box_1  \">\r\n\t\t\t\t\t<div class=\"bf_title_box_1\">\r\n\t\t\t\t\t\t\t\t\t\t\t\t\t\t\t<h3 class=\"bf_title_1\">Michelle Ty (Berlin) on &#8220;On Self-Forgetting&#8221;<\/h3>\r\n\t\t\t\t\t\t\t\t\t\t\t\t\t<\/div>\r\n\t\t\t\t\t\t\t\t\t\t<div class=\"bf_title_box_2\">\r\n\t\t\t\t\t\t\t\t\t\t\t\t\t<div class=\"bf_desc_1\">\r\n\t\t\t\t\t\t\t\t\u00c9tant en usine, confondue aux yeux de tous et \u00e0 mes propres yeux avec la masse anonyme, le malheur des autres est entr\u00e9 dans ma chair et dans mon \u00e2me. Rien ne m&#8217;en s\u00e9parait, car j&#8217;ava...\t\t\t\t\t\t\t<\/div>\r\n\t\t\t\t\t\t\t\t\t\t\t\t<div class=\"bf_read_more_div_1\">\r\n\t\t\t\t\t\t\t<a class=\"snip0047 bf_read_more_1\" href=\"https:\/\/www2.hu-berlin.de\/simoneweil-denkkollektiv\/michelle-ty-berlin-on-on-self-forgetting\/\" target=\"\"><span>Read More<\/span><i class=\"fa fa-link\"><\/i><\/a>\r\n\t\t\t\t\t\t<\/div>\r\n\t\t\t\t\t\t\t\t\t\t\t<\/div>\r\n\t\t\t\t<\/div>\r\n\t\t\t<\/div>\r\n\t\t\t\t\t<div style=\"opacity:0;\" id=\"bf_16273\" data-category=\"13, 15\" data-sort=\"TEXTS\" class=\" pfg_theme_1 filtr-item filtr_item_1 single_one col-lg-4 col-md-4 col-sm-6 col-xs-12\">\r\n\t\t\t\t<div class=\"bf_thumb_box_1  \">\r\n\t\t\t\t\t<div class=\"bf_title_box_1\">\r\n\t\t\t\t\t\t\t\t\t\t\t\t\t\t\t<h3 class=\"bf_title_1\">Scott Ritner (Philadelphia) on &#8220;Revolutionary Pessimism&#8221;<\/h3>\r\n\t\t\t\t\t\t\t\t\t\t\t\t\t<\/div>\r\n\t\t\t\t\t\t\t\t\t\t<div class=\"bf_title_box_2\">\r\n\t\t\t\t\t\t\t\t\t\t\t\t\t<div class=\"bf_desc_1\">\r\n\t\t\t\t\t\t\t\tComment distingue-t-on l&#8217;imaginaire du r\u00e9el dans le domaine spirituel? Il faut pr\u00e9f\u00e9rer l&#8217;enfer r\u00e9el au paradis imaginaire. Simone Weil, &#8220;Attente de Dieu&#8221;, 1942 SCOTT RITNE...\t\t\t\t\t\t\t<\/div>\r\n\t\t\t\t\t\t\t\t\t\t\t\t<div class=\"bf_read_more_div_1\">\r\n\t\t\t\t\t\t\t<a class=\"snip0047 bf_read_more_1\" href=\"https:\/\/www2.hu-berlin.de\/simoneweil-denkkollektiv\/scott-ritner\/\" target=\"\"><span>Read More<\/span><i class=\"fa fa-link\"><\/i><\/a>\r\n\t\t\t\t\t\t<\/div>\r\n\t\t\t\t\t\t\t\t\t\t\t<\/div>\r\n\t\t\t\t<\/div>\r\n\t\t\t<\/div>\r\n\t\t\t\t\t<div style=\"opacity:0;\" id=\"bf_16253\" data-category=\"13, 15\" data-sort=\"TEXTS\" class=\" pfg_theme_1 filtr-item filtr_item_1 single_one col-lg-4 col-md-4 col-sm-6 col-xs-12\">\r\n\t\t\t\t<div class=\"bf_thumb_box_1  \">\r\n\t\t\t\t\t<div class=\"bf_title_box_1\">\r\n\t\t\t\t\t\t\t\t\t\t\t\t\t\t\t<h3 class=\"bf_title_1\">Samir Sellami (Berlin) on &#8220;Grace on a Broken Planet&#8221;<\/h3>\r\n\t\t\t\t\t\t\t\t\t\t\t\t\t<\/div>\r\n\t\t\t\t\t\t\t\t\t\t<div class=\"bf_title_box_2\">\r\n\t\t\t\t\t\t\t\t\t\t\t\t\t<div class=\"bf_desc_1\">\r\n\t\t\t\t\t\t\t\tL&#8217;extr\u00eame difficult\u00e9 que j&#8217;\u00e9prouve souvent \u00e0 ex\u00e9cuter la moindre action est une faveur qui m&#8217;est faite. Car ainsi, avec des actions ordinaires et sans attirer l&#8217;attention,...\t\t\t\t\t\t\t<\/div>\r\n\t\t\t\t\t\t\t\t\t\t\t\t<div class=\"bf_read_more_div_1\">\r\n\t\t\t\t\t\t\t<a class=\"snip0047 bf_read_more_1\" href=\"https:\/\/www2.hu-berlin.de\/simoneweil-denkkollektiv\/samir-sellami-berlin-on-grace-on-a-broken-planet\/\" target=\"\"><span>Read More<\/span><i class=\"fa fa-link\"><\/i><\/a>\r\n\t\t\t\t\t\t<\/div>\r\n\t\t\t\t\t\t\t\t\t\t\t<\/div>\r\n\t\t\t\t<\/div>\r\n\t\t\t<\/div>\r\n\t\t\t\t\t<div style=\"opacity:0;\" id=\"bf_16270\" data-category=\"13, 15\" data-sort=\"TEXTS\" class=\" pfg_theme_1 filtr-item filtr_item_1 single_one col-lg-4 col-md-4 col-sm-6 col-xs-12\">\r\n\t\t\t\t<div class=\"bf_thumb_box_1  \">\r\n\t\t\t\t\t<div class=\"bf_title_box_1\">\r\n\t\t\t\t\t\t\t\t\t\t\t\t\t\t\t<h3 class=\"bf_title_1\">Emily King (Chicago) on &#8220;Poetry as Decreation&#8221;<\/h3>\r\n\t\t\t\t\t\t\t\t\t\t\t\t\t<\/div>\r\n\t\t\t\t\t\t\t\t\t\t<div class=\"bf_title_box_2\">\r\n\t\t\t\t\t\t\t\t\t\t\t\t\t<div class=\"bf_desc_1\">\r\n\t\t\t\t\t\t\t\tLectures. La lecture \u2013 sauf une certaine qualit\u00e9 d\u2019attention \u2013 ob\u00e9it \u00e0 la pesanteur. On lit les opinions sugg\u00e9r\u00e9es par la pesanteur. Simone Weil, &#8220;La pesanteur et la gr\u00e2ce&#8221;, 19...\t\t\t\t\t\t\t<\/div>\r\n\t\t\t\t\t\t\t\t\t\t\t\t<div class=\"bf_read_more_div_1\">\r\n\t\t\t\t\t\t\t<a class=\"snip0047 bf_read_more_1\" href=\"https:\/\/www2.hu-berlin.de\/simoneweil-denkkollektiv\/emily-king-chicago-on-poetry-as-decreation\/\" target=\"\"><span>Read More<\/span><i class=\"fa fa-link\"><\/i><\/a>\r\n\t\t\t\t\t\t<\/div>\r\n\t\t\t\t\t\t\t\t\t\t\t<\/div>\r\n\t\t\t\t<\/div>\r\n\t\t\t<\/div>\r\n\t\t\t\t\t<div style=\"opacity:0;\" id=\"bf_16287\" data-category=\"15, 14\" data-sort=\"VIDEOS\" class=\" pfg_theme_1 filtr-item filtr_item_1 single_one col-lg-4 col-md-4 col-sm-6 col-xs-12\">\r\n\t\t\t\t<div class=\"bf_thumb_box_1  \">\r\n\t\t\t\t\t<div class=\"bf_title_box_1\">\r\n\t\t\t\t\t\t\t\t\t\t\t\t\t\t\t<h3 class=\"bf_title_1\">Kathryn Lawson (Kingston) on &#8220;Decreation as Destruction or as Creation?&#8221;<\/h3>\r\n\t\t\t\t\t\t\t\t\t\t\t\t\t<\/div>\r\n\t\t\t\t\t\t\t\t\t\t<div class=\"bf_title_box_2\">\r\n\t\t\t\t\t\t\t\t\t\t\t\t\t<div class=\"bf_desc_1\">\r\n\t\t\t\t\t\t\t\tTout \u00eatre humain est enracin\u00e9 ici-bas par une certaine po\u00e9sie terrestre, reflet de la lumi\u00e8re c\u00e9leste, qui est son lien plus ou moins vaguement senti avec sa patrie universelle. Le malheur est le...\t\t\t\t\t\t\t<\/div>\r\n\t\t\t\t\t\t\t\t\t\t\t\t<div class=\"bf_read_more_div_1\">\r\n\t\t\t\t\t\t\t<a class=\"snip0047 bf_read_more_1\" href=\"https:\/\/www2.hu-berlin.de\/simoneweil-denkkollektiv\/kathryn-lawson-kingston-on-decreation-as-destruction-or-as-creation\/\" target=\"\"><span>Read More<\/span><i class=\"fa fa-link\"><\/i><\/a>\r\n\t\t\t\t\t\t<\/div>\r\n\t\t\t\t\t\t\t\t\t\t\t<\/div>\r\n\t\t\t\t<\/div>\r\n\t\t\t<\/div>\r\n\t\t\t\t\t<div style=\"opacity:0;\" id=\"bf_18252\" data-category=\"1\" data-sort=\"ALL\" class=\" pfg_theme_1 filtr-item filtr_item_1 single_one col-lg-4 col-md-4 col-sm-6 col-xs-12\">\r\n\t\t\t\t<div class=\"bf_thumb_box_1  \">\r\n\t\t\t\t\t<div class=\"bf_title_box_1\">\r\n\t\t\t\t\t\t\t\t\t\t\t\t\t\t\t<h3 class=\"bf_title_1\">Conference 2020: death | text | resonance &#8211; Simone Weil and Writing To(wards) Death<\/h3>\r\n\t\t\t\t\t\t\t\t\t\t\t\t\t<\/div>\r\n\t\t\t\t\t\t\t\t\t\t<div class=\"bf_title_box_2\">\r\n\t\t\t\t\t\t\t\t\t\t\t\t\t<div class=\"bf_desc_1\">\r\n\t\t\t\t\t\t\t\tDigital conference July 23-25, 2020 Our conference took place from July 23 to July 25, 2020 via Zoom. Additionally, the eleven contributions available are on this website. In order to listen to the po...\t\t\t\t\t\t\t<\/div>\r\n\t\t\t\t\t\t\t\t\t\t\t\t<div class=\"bf_read_more_div_1\">\r\n\t\t\t\t\t\t\t<a class=\"snip0047 bf_read_more_1\" href=\"https:\/\/www2.hu-berlin.de\/simoneweil-denkkollektiv\/conference-2020-death-text-resonance-simone-weil-and-writing-towards-death\/\" target=\"\"><span>Read More<\/span><i class=\"fa fa-link\"><\/i><\/a>\r\n\t\t\t\t\t\t<\/div>\r\n\t\t\t\t\t\t\t\t\t\t\t<\/div>\r\n\t\t\t\t<\/div>\r\n\t\t\t<\/div>\r\n\t\t\t\t\r\n\t\t<div class=\"blog_loader\"><\/div>\r\n\t<\/div>\r\n\t<div style=\"text-align: center; \" class=\"blog_pagination font-alt col-lg-12 col-md-12 col-sm-12\">\r\n\t\t\t<\/div>\r\n<\/div>\r\n<script>\r\njQuery( window ).load(function() {\r\n\t\r\n\tjQuery(\"a.page-numbers\").each(function() {\r\n\t  var $this = jQuery(this);      \r\n\t  var _href = $this.attr(\"href\");\r\n\t  $this.attr(\"href\", _href + '');\r\n\t});\r\n\t\r\n\t\t\r\n\t\/\/ Animate loader off screen\r\n\tjQuery(\".blog_loader\").hide();\r\n\tjQuery(\".pfg_theme_1\").css(\"opacity\", 1);\r\n\t\/\/Filterizd Default options\r\n\toptions = {\r\n\t\tanimationDuration: 0.5,\r\n\t\tcallbacks: {\r\n\t\t\tonFilteringStart: function() { },\r\n\t\t\tonFilteringEnd: function() { },\r\n\t\t\tonShufflingStart: function() { },\r\n\t\t\tonShufflingEnd: function() { },\r\n\t\t\tonSortingStart: function() { },\r\n\t\t\tonSortingEnd: function() { }\r\n\t\t},\r\n\t\tfilter: \"all\" ,\r\n\t\tlayout: 'sameWidth',\r\n\t\t\t\t\r\n\t\tselector: '#bf_gallery_1',\r\n\t\tsetupControls: true\r\n\t}\r\n\tvar filterizd = jQuery('#bf_gallery_1').filterizr(options);\r\n});\r\n\r\n\/\/blog_pagination class add and active class add\r\njQuery(document).ready(function(){\r\n\t\/\/***************** Swipebox *********************\/\/\r\n\tjQuery('*[data-filter]').click(function() {\r\n\t\tvar targetFilter = jQuery(this).data('filter');\r\n\t\t\/\/Swipebox according to filtered images group\r\n\t\tif (targetFilter == 'all') {\r\n\t\t   jQuery('.lightbox_keys').swipebox('.lightbox_keys');\r\n\t\t} \r\n\t\tif (targetFilter != 'all') {\r\n\t\t\tjQuery('.s-'+targetFilter).swipebox('.s-'+targetFilter);\r\n\t\t}\r\n\t\t\/\/ END Swipebox\r\n\t});\r\n\t\r\n\t\/\/swiper on page load\r\n\tjQuery('.lightbox_keys').swipebox('.lightbox_keys');\r\n\t\r\n\t\r\n\tjQuery(\"#filter-hide-button\").on(\"click\", function () {\r\n\t\tvar Get_height = jQuery(\".simplefilter\").height();\r\n        if (jQuery(\"#display-filter\").hasClass(\"visible\")) {\r\n            jQuery(\"#display-filter\").removeClass(\"visible\");\r\n\t\t\tjQuery(\"#display-filter\").height(0);\r\n        } else {\r\n            jQuery(\"#display-filter\").addClass(\"visible\");\r\n\t\t\tjQuery(\"#display-filter\").height(Get_height+20);\r\n        }\r\n    });\r\n\t\r\n\tjQuery( \"ul.page-numbers\" ).addClass( \"blog_pagination mrgt-0\" );\r\n\t\r\n\t\/\/toggle filter-active on multifilter\r\n\tjQuery( \".simplefilter li\" ).click(function() {\r\n\t  jQuery( this ).toggleClass( \"filter-active\" );\r\n\t});\r\n});\r\n<\/script>\t<\/div>\n\t\t\t\t\t\t<\/div>\n\t\t\t\t<\/div>\n\t\t\t\t\t<\/div>\n\t\t<\/div>\n\t\t\t\t\t<\/div>\n\t\t<\/section>\n\t\t\t\t<\/div>\n\t\t","protected":false},"excerpt":{"rendered":"<p>CONTRIBUTIONS<\/p>\n","protected":false},"author":1,"featured_media":0,"parent":0,"menu_order":0,"comment_status":"closed","ping_status":"closed","template":"","meta":{"footnotes":""},"class_list":["post-14243","page","type-page","status-publish","hentry","infinite-scroll-item","no-featured-image-padding"],"_links":{"self":[{"href":"https:\/\/www2.hu-berlin.de\/simoneweil-denkkollektiv\/wp-json\/wp\/v2\/pages\/14243","targetHints":{"allow":["GET"]}}],"collection":[{"href":"https:\/\/www2.hu-berlin.de\/simoneweil-denkkollektiv\/wp-json\/wp\/v2\/pages"}],"about":[{"href":"https:\/\/www2.hu-berlin.de\/simoneweil-denkkollektiv\/wp-json\/wp\/v2\/types\/page"}],"author":[{"embeddable":true,"href":"https:\/\/www2.hu-berlin.de\/simoneweil-denkkollektiv\/wp-json\/wp\/v2\/users\/1"}],"replies":[{"embeddable":true,"href":"https:\/\/www2.hu-berlin.de\/simoneweil-denkkollektiv\/wp-json\/wp\/v2\/comments?post=14243"}],"version-history":[{"count":607,"href":"https:\/\/www2.hu-berlin.de\/simoneweil-denkkollektiv\/wp-json\/wp\/v2\/pages\/14243\/revisions"}],"predecessor-version":[{"id":23613,"href":"https:\/\/www2.hu-berlin.de\/simoneweil-denkkollektiv\/wp-json\/wp\/v2\/pages\/14243\/revisions\/23613"}],"wp:attachment":[{"href":"https:\/\/www2.hu-berlin.de\/simoneweil-denkkollektiv\/wp-json\/wp\/v2\/media?parent=14243"}],"curies":[{"name":"wp","href":"https:\/\/api.w.org\/{rel}","templated":true}]}}