{"id":23656,"date":"2026-04-06T13:15:21","date_gmt":"2026-04-06T11:15:21","guid":{"rendered":"https:\/\/www2.hu-berlin.de\/simoneweil-denkkollektiv\/?page_id=23656"},"modified":"2026-04-10T16:44:56","modified_gmt":"2026-04-10T14:44:56","slug":"pavillon","status":"publish","type":"page","link":"https:\/\/www2.hu-berlin.de\/simoneweil-denkkollektiv\/pavillon\/","title":{"rendered":"PAVILLON 2026"},"content":{"rendered":"\t\t<div data-elementor-type=\"wp-page\" data-elementor-id=\"23656\" class=\"elementor elementor-23656\" data-elementor-post-type=\"page\">\n\t\t\t\t\t\t<section class=\"elementor-section elementor-top-section elementor-element elementor-element-ff77a23 elementor-section-boxed elementor-section-height-default elementor-section-height-default\" data-id=\"ff77a23\" data-element_type=\"section\" data-e-type=\"section\">\n\t\t\t\t\t\t<div class=\"elementor-container elementor-column-gap-default\">\n\t\t\t\t\t<div class=\"elementor-column elementor-col-100 elementor-top-column elementor-element elementor-element-c0296d8\" data-id=\"c0296d8\" data-element_type=\"column\" data-e-type=\"column\">\n\t\t\t<div class=\"elementor-widget-wrap elementor-element-populated\">\n\t\t\t\t\t\t<div class=\"elementor-element elementor-element-07c499f elementor-widget elementor-widget-image\" data-id=\"07c499f\" data-element_type=\"widget\" data-e-type=\"widget\" data-widget_type=\"image.default\">\n\t\t\t\t<div class=\"elementor-widget-container\">\n\t\t\t\t\t\t\t\t\t\t\t\t\t\t\t<img fetchpriority=\"high\" decoding=\"async\" width=\"1024\" height=\"768\" src=\"https:\/\/www2.hu-berlin.de\/simoneweil-denkkollektiv\/wp-content\/uploads\/2026\/04\/Pavillon-SW-ausen-1024x768.jpg\" class=\"attachment-large size-large wp-image-23660\" alt=\"\" srcset=\"https:\/\/www2.hu-berlin.de\/simoneweil-denkkollektiv\/wp-content\/uploads\/2026\/04\/Pavillon-SW-ausen-1024x768.jpg 1024w, https:\/\/www2.hu-berlin.de\/simoneweil-denkkollektiv\/wp-content\/uploads\/2026\/04\/Pavillon-SW-ausen-300x225.jpg 300w, https:\/\/www2.hu-berlin.de\/simoneweil-denkkollektiv\/wp-content\/uploads\/2026\/04\/Pavillon-SW-ausen-768x576.jpg 768w, https:\/\/www2.hu-berlin.de\/simoneweil-denkkollektiv\/wp-content\/uploads\/2026\/04\/Pavillon-SW-ausen-1536x1152.jpg 1536w, https:\/\/www2.hu-berlin.de\/simoneweil-denkkollektiv\/wp-content\/uploads\/2026\/04\/Pavillon-SW-ausen-2048x1536.jpg 2048w\" sizes=\"(max-width: 1024px) 100vw, 1024px\" \/>\t\t\t\t\t\t\t\t\t\t\t\t\t\t\t<\/div>\n\t\t\t\t<\/div>\n\t\t\t\t\t<\/div>\n\t\t<\/div>\n\t\t\t\t\t<\/div>\n\t\t<\/section>\n\t\t\t\t<section class=\"elementor-section elementor-top-section elementor-element elementor-element-ec18238 elementor-section-boxed elementor-section-height-default elementor-section-height-default\" data-id=\"ec18238\" data-element_type=\"section\" data-e-type=\"section\">\n\t\t\t\t\t\t<div class=\"elementor-container elementor-column-gap-default\">\n\t\t\t\t\t<div class=\"elementor-column elementor-col-100 elementor-top-column elementor-element elementor-element-a79fb0e\" data-id=\"a79fb0e\" data-element_type=\"column\" data-e-type=\"column\">\n\t\t\t<div class=\"elementor-widget-wrap elementor-element-populated\">\n\t\t\t\t\t\t<div class=\"elementor-element elementor-element-840b971 elementor-widget elementor-widget-text-editor\" data-id=\"840b971\" data-element_type=\"widget\" data-e-type=\"widget\" data-widget_type=\"text-editor.default\">\n\t\t\t\t<div class=\"elementor-widget-container\">\n\t\t\t\t\t\t\t\t\t<p style=\"font-family: Arial, Helvetica, sans-serif; font-size: 32px; color: #000000; line-height: 1.4;\">This project forms part of the <em><a href=\"https:\/\/www.pavillonsicli.ch\/fr\/evenement\/thomas-hirschhorn\">Pavillon Simone Weil<\/a><\/em>\n(Geneva, March 31 &#8211; June 16, 2026) by <a href=\"https:\/\/www.thomashirschhorn.com\/current\/\">Thomas Hirschhorn<\/a>\nand is hosted by the Denkkollektiv in collaboration with the following contributors:<\/p>\t\t\t\t\t\t\t\t<\/div>\n\t\t\t\t<\/div>\n\t\t\t\t\t<\/div>\n\t\t<\/div>\n\t\t\t\t\t<\/div>\n\t\t<\/section>\n\t\t\t\t<section class=\"elementor-section elementor-top-section elementor-element elementor-element-f60ff65 elementor-section-boxed elementor-section-height-default elementor-section-height-default\" data-id=\"f60ff65\" data-element_type=\"section\" data-e-type=\"section\">\n\t\t\t\t\t\t<div class=\"elementor-container elementor-column-gap-default\">\n\t\t\t\t\t<div class=\"elementor-column elementor-col-100 elementor-top-column elementor-element elementor-element-69a3ed6\" data-id=\"69a3ed6\" data-element_type=\"column\" data-e-type=\"column\">\n\t\t\t<div class=\"elementor-widget-wrap elementor-element-populated\">\n\t\t\t\t\t\t<div class=\"elementor-element elementor-element-94d31fa elementor-widget elementor-widget-spacer\" data-id=\"94d31fa\" data-element_type=\"widget\" data-e-type=\"widget\" data-widget_type=\"spacer.default\">\n\t\t\t\t<div class=\"elementor-widget-container\">\n\t\t\t\t\t\t\t<div class=\"elementor-spacer\">\n\t\t\t<div class=\"elementor-spacer-inner\"><\/div>\n\t\t<\/div>\n\t\t\t\t\t\t<\/div>\n\t\t\t\t<\/div>\n\t\t\t\t\t<\/div>\n\t\t<\/div>\n\t\t\t\t\t<\/div>\n\t\t<\/section>\n\t\t\t\t<section class=\"elementor-section elementor-top-section elementor-element elementor-element-37a3184 elementor-section-boxed elementor-section-height-default elementor-section-height-default\" data-id=\"37a3184\" data-element_type=\"section\" data-e-type=\"section\">\n\t\t\t\t\t\t<div class=\"elementor-container elementor-column-gap-default\">\n\t\t\t\t\t<div class=\"elementor-column elementor-col-100 elementor-top-column elementor-element elementor-element-e393e42\" data-id=\"e393e42\" data-element_type=\"column\" data-e-type=\"column\">\n\t\t\t<div class=\"elementor-widget-wrap elementor-element-populated\">\n\t\t\t\t\t\t<div class=\"elementor-element elementor-element-53dd03e elementor-widget elementor-widget-text-editor\" data-id=\"53dd03e\" data-element_type=\"widget\" data-e-type=\"widget\" data-widget_type=\"text-editor.default\">\n\t\t\t\t<div class=\"elementor-widget-container\">\n\t\t\t\t\t\t\t\t\t<div style=\"font-family: Arial, Helvetica, sans-serif; font-size: 32px; color: #000000; line-height: 1.4;\">\n<a href=\"https:\/\/www.romanistik.hu-berlin.de\/de\/institut\/mitarbeitende\/bengert\">Mae Bengert<\/a>,\n<a href=\"https:\/\/www.matthes-seitz-berlin.de\/autor\/sophia-eisenhut.html\">Sophia Eisenhut<\/a>,\n<a href=\"https:\/\/fraktalwerk.de\/projektraum\/kuenstlerinnen-und-kuenstler\">Fraktalwerk Berlin<\/a>,\n<a href=\"https:\/\/sites.google.com\/view\/elisabethhubmann\">Elisabeth Hubmann<\/a>,\n<a href=\"https:\/\/www.medvedevajewellery.de\" target=\"_blank\" rel=\"noopener\">Polya Medvedeva<\/a>,\nBritta M\u00fcller-Schauenburg, Beatriz Nu\u00f1es,\n<a href=\"https:\/\/www.instagram.com\/dubartek\/\">Bartosz Olszewski<\/a>,\nTobias P\u00f6hl, Stella Rehbein, Nina Sassenroth,\n<a href=\"https:\/\/www.uni-erfurt.de\/katholisch-theologische-fakultaet\/professuren-lektorate\/kirchengeschichte\/kirchengeschichte-des-mittelalters-und-der-neuzeit\/forschung\/forschungsstelle-sprachkunst-und-religion\/sprachkunst-und-religion-menschen\/thomas-sojer\">Tom Sojer<\/a>,\n<a href=\"https:\/\/www.maxwalther.de\/index.html\">Max Walther<\/a>,\nSebids Weiland.<\/div>\n\t\t\t\t\t\t\t\t<\/div>\n\t\t\t\t<\/div>\n\t\t\t\t\t<\/div>\n\t\t<\/div>\n\t\t\t\t\t<\/div>\n\t\t<\/section>\n\t\t\t\t<section class=\"elementor-section elementor-top-section elementor-element elementor-element-a0e7699 elementor-section-boxed elementor-section-height-default elementor-section-height-default\" data-id=\"a0e7699\" data-element_type=\"section\" data-e-type=\"section\">\n\t\t\t\t\t\t<div class=\"elementor-container elementor-column-gap-default\">\n\t\t\t\t\t<div class=\"elementor-column elementor-col-100 elementor-top-column elementor-element elementor-element-9b018f7\" data-id=\"9b018f7\" data-element_type=\"column\" data-e-type=\"column\">\n\t\t\t<div class=\"elementor-widget-wrap elementor-element-populated\">\n\t\t\t\t\t\t<div class=\"elementor-element elementor-element-fe53bd4 elementor-widget elementor-widget-spacer\" data-id=\"fe53bd4\" data-element_type=\"widget\" data-e-type=\"widget\" data-widget_type=\"spacer.default\">\n\t\t\t\t<div class=\"elementor-widget-container\">\n\t\t\t\t\t\t\t<div class=\"elementor-spacer\">\n\t\t\t<div class=\"elementor-spacer-inner\"><\/div>\n\t\t<\/div>\n\t\t\t\t\t\t<\/div>\n\t\t\t\t<\/div>\n\t\t\t\t\t<\/div>\n\t\t<\/div>\n\t\t\t\t\t<\/div>\n\t\t<\/section>\n\t\t\t\t<section class=\"elementor-section elementor-top-section elementor-element elementor-element-a2e069c elementor-section-boxed elementor-section-height-default elementor-section-height-default\" data-id=\"a2e069c\" data-element_type=\"section\" data-e-type=\"section\">\n\t\t\t\t\t\t<div class=\"elementor-container elementor-column-gap-default\">\n\t\t\t\t\t<div class=\"elementor-column elementor-col-100 elementor-top-column elementor-element elementor-element-df3caac\" data-id=\"df3caac\" data-element_type=\"column\" data-e-type=\"column\">\n\t\t\t<div class=\"elementor-widget-wrap elementor-element-populated\">\n\t\t\t\t\t\t<div class=\"elementor-element elementor-element-454af63 elementor-widget elementor-widget-text-editor\" data-id=\"454af63\" data-element_type=\"widget\" data-e-type=\"widget\" data-widget_type=\"text-editor.default\">\n\t\t\t\t<div class=\"elementor-widget-container\">\n\t\t\t\t\t\t\t\t\t<p style=\"font-family: Arial, Helvetica, sans-serif; font-size: 32px; color: #000000; line-height: 1.4;\">&nbsp;The project <i>\u201cWhat Does It Mean to Actualize?\u201d<\/i> (&#8220;Was hei\u00dft realisieren?&#8221;) is intended as a collective workshop for thinking and acting that unfolds over eleven weeks. During this time, we will be in Geneva in various constellations\u2014whenever possible, working together. The weeks are organized according to a recurring, internally mirrored structure. The starting point is the question we pose together with Simone Weil: What does it mean to actualize?\n<\/p>\t\t\t\t\t\t\t\t<\/div>\n\t\t\t\t<\/div>\n\t\t\t\t\t<\/div>\n\t\t<\/div>\n\t\t\t\t\t<\/div>\n\t\t<\/section>\n\t\t\t\t<section class=\"elementor-section elementor-top-section elementor-element elementor-element-0dafc92 elementor-section-boxed elementor-section-height-default elementor-section-height-default\" data-id=\"0dafc92\" data-element_type=\"section\" data-e-type=\"section\">\n\t\t\t\t\t\t<div class=\"elementor-container elementor-column-gap-default\">\n\t\t\t\t\t<div class=\"elementor-column elementor-col-100 elementor-top-column elementor-element elementor-element-d6b7508\" data-id=\"d6b7508\" data-element_type=\"column\" data-e-type=\"column\">\n\t\t\t<div class=\"elementor-widget-wrap elementor-element-populated\">\n\t\t\t\t\t\t<div class=\"elementor-element elementor-element-43c6da3 elementor-widget elementor-widget-spacer\" data-id=\"43c6da3\" data-element_type=\"widget\" data-e-type=\"widget\" data-widget_type=\"spacer.default\">\n\t\t\t\t<div class=\"elementor-widget-container\">\n\t\t\t\t\t\t\t<div class=\"elementor-spacer\">\n\t\t\t<div class=\"elementor-spacer-inner\"><\/div>\n\t\t<\/div>\n\t\t\t\t\t\t<\/div>\n\t\t\t\t<\/div>\n\t\t\t\t\t<\/div>\n\t\t<\/div>\n\t\t\t\t\t<\/div>\n\t\t<\/section>\n\t\t\t\t<section class=\"elementor-section elementor-top-section elementor-element elementor-element-ceef3b0 elementor-section-boxed elementor-section-height-default elementor-section-height-default\" data-id=\"ceef3b0\" data-element_type=\"section\" data-e-type=\"section\">\n\t\t\t\t\t\t<div class=\"elementor-container elementor-column-gap-default\">\n\t\t\t\t\t<div class=\"elementor-column elementor-col-100 elementor-top-column elementor-element elementor-element-78a1b4f\" data-id=\"78a1b4f\" data-element_type=\"column\" data-e-type=\"column\">\n\t\t\t<div class=\"elementor-widget-wrap elementor-element-populated\">\n\t\t\t\t\t\t<div class=\"elementor-element elementor-element-96dd322 elementor-widget elementor-widget-image\" data-id=\"96dd322\" data-element_type=\"widget\" data-e-type=\"widget\" data-widget_type=\"image.default\">\n\t\t\t\t<div class=\"elementor-widget-container\">\n\t\t\t\t\t\t\t\t\t\t\t\t\t\t\t<img decoding=\"async\" width=\"1024\" height=\"1024\" src=\"https:\/\/www2.hu-berlin.de\/simoneweil-denkkollektiv\/wp-content\/uploads\/2026\/04\/Mae-Tisch-Genf-1024x1024.jpg\" class=\"attachment-large size-large wp-image-23673\" alt=\"\" srcset=\"https:\/\/www2.hu-berlin.de\/simoneweil-denkkollektiv\/wp-content\/uploads\/2026\/04\/Mae-Tisch-Genf-1024x1024.jpg 1024w, https:\/\/www2.hu-berlin.de\/simoneweil-denkkollektiv\/wp-content\/uploads\/2026\/04\/Mae-Tisch-Genf-300x300.jpg 300w, https:\/\/www2.hu-berlin.de\/simoneweil-denkkollektiv\/wp-content\/uploads\/2026\/04\/Mae-Tisch-Genf-150x150.jpg 150w, https:\/\/www2.hu-berlin.de\/simoneweil-denkkollektiv\/wp-content\/uploads\/2026\/04\/Mae-Tisch-Genf-768x768.jpg 768w, https:\/\/www2.hu-berlin.de\/simoneweil-denkkollektiv\/wp-content\/uploads\/2026\/04\/Mae-Tisch-Genf-1536x1536.jpg 1536w, https:\/\/www2.hu-berlin.de\/simoneweil-denkkollektiv\/wp-content\/uploads\/2026\/04\/Mae-Tisch-Genf.jpg 2048w\" sizes=\"(max-width: 1024px) 100vw, 1024px\" \/>\t\t\t\t\t\t\t\t\t\t\t\t\t\t\t<\/div>\n\t\t\t\t<\/div>\n\t\t\t\t\t<\/div>\n\t\t<\/div>\n\t\t\t\t\t<\/div>\n\t\t<\/section>\n\t\t\t\t<section class=\"elementor-section elementor-top-section elementor-element elementor-element-c8fa2f5 elementor-section-boxed elementor-section-height-default elementor-section-height-default\" data-id=\"c8fa2f5\" data-element_type=\"section\" data-e-type=\"section\">\n\t\t\t\t\t\t<div class=\"elementor-container elementor-column-gap-default\">\n\t\t\t\t\t<div class=\"elementor-column elementor-col-100 elementor-top-column elementor-element elementor-element-6b597d7\" data-id=\"6b597d7\" data-element_type=\"column\" data-e-type=\"column\">\n\t\t\t<div class=\"elementor-widget-wrap elementor-element-populated\">\n\t\t\t\t\t\t<div class=\"elementor-element elementor-element-afa22b5 elementor-widget elementor-widget-spacer\" data-id=\"afa22b5\" data-element_type=\"widget\" data-e-type=\"widget\" data-widget_type=\"spacer.default\">\n\t\t\t\t<div class=\"elementor-widget-container\">\n\t\t\t\t\t\t\t<div class=\"elementor-spacer\">\n\t\t\t<div class=\"elementor-spacer-inner\"><\/div>\n\t\t<\/div>\n\t\t\t\t\t\t<\/div>\n\t\t\t\t<\/div>\n\t\t\t\t\t<\/div>\n\t\t<\/div>\n\t\t\t\t\t<\/div>\n\t\t<\/section>\n\t\t\t\t<section class=\"elementor-section elementor-top-section elementor-element elementor-element-b81f913 elementor-section-boxed elementor-section-height-default elementor-section-height-default\" data-id=\"b81f913\" data-element_type=\"section\" data-e-type=\"section\">\n\t\t\t\t\t\t<div class=\"elementor-container elementor-column-gap-default\">\n\t\t\t\t\t<div class=\"elementor-column elementor-col-50 elementor-top-column elementor-element elementor-element-9067b17\" data-id=\"9067b17\" data-element_type=\"column\" data-e-type=\"column\">\n\t\t\t<div class=\"elementor-widget-wrap elementor-element-populated\">\n\t\t\t\t\t\t<div class=\"elementor-element elementor-element-22230db elementor-widget elementor-widget-heading\" data-id=\"22230db\" data-element_type=\"widget\" data-e-type=\"widget\" data-widget_type=\"heading.default\">\n\t\t\t\t<div class=\"elementor-widget-container\">\n\t\t\t\t\t<h1 class=\"elementor-heading-title elementor-size-default\">Practice of Embroidery<\/h1>\t\t\t\t<\/div>\n\t\t\t\t<\/div>\n\t\t\t\t<div class=\"elementor-element elementor-element-b8b0ab9 elementor-widget elementor-widget-text-editor\" data-id=\"b8b0ab9\" data-element_type=\"widget\" data-e-type=\"widget\" data-widget_type=\"text-editor.default\">\n\t\t\t\t<div class=\"elementor-widget-container\">\n\t\t\t\t\t\t\t\t\t<p style=\"font-family: Arial, Helvetica, sans-serif; font-size: 32px; color: #000000; line-height: 1.4;\">\n  We embroider. This simple, precise form\u2014one that calls us into presence\u2014draws inspiration from spiritual exercises across different traditions. We understand it as a framing, holding, and connecting ritual that links meditation with communal togetherness and becoming-present, developing over eleven weeks into a tangible, visible fabric of time composed of countless threads and movements of the needle.\n<\/p>\n\n<p style=\"font-family: Arial, Helvetica, sans-serif; font-size: 32px; color: #000000; line-height: 1.4;\">\n  Each person embroiders a thought, a sentence, a fragment onto their own piece of fabric. We gather all these pieces. In the final two weeks, they are sewn together into a large shared tablecloth\u2014a collective textile of thought, a resonant body made of hands, threads, and words. An embroidered text explains to visitors embroidery itself as a form of actualization.\n<\/p>\t\t\t\t\t\t\t\t<\/div>\n\t\t\t\t<\/div>\n\t\t\t\t\t<\/div>\n\t\t<\/div>\n\t\t\t\t<div class=\"elementor-column elementor-col-50 elementor-top-column elementor-element elementor-element-94c330c\" data-id=\"94c330c\" data-element_type=\"column\" data-e-type=\"column\">\n\t\t\t<div class=\"elementor-widget-wrap\">\n\t\t\t\t\t\t\t<\/div>\n\t\t<\/div>\n\t\t\t\t\t<\/div>\n\t\t<\/section>\n\t\t\t\t<section class=\"elementor-section elementor-top-section elementor-element elementor-element-468697d elementor-section-boxed elementor-section-height-default elementor-section-height-default\" data-id=\"468697d\" data-element_type=\"section\" data-e-type=\"section\">\n\t\t\t\t\t\t<div class=\"elementor-container elementor-column-gap-default\">\n\t\t\t\t\t<div class=\"elementor-column elementor-col-100 elementor-top-column elementor-element elementor-element-937c755\" data-id=\"937c755\" data-element_type=\"column\" data-e-type=\"column\">\n\t\t\t<div class=\"elementor-widget-wrap elementor-element-populated\">\n\t\t\t\t\t\t<div class=\"elementor-element elementor-element-5d499c0 elementor-widget elementor-widget-spacer\" data-id=\"5d499c0\" data-element_type=\"widget\" data-e-type=\"widget\" data-widget_type=\"spacer.default\">\n\t\t\t\t<div class=\"elementor-widget-container\">\n\t\t\t\t\t\t\t<div class=\"elementor-spacer\">\n\t\t\t<div class=\"elementor-spacer-inner\"><\/div>\n\t\t<\/div>\n\t\t\t\t\t\t<\/div>\n\t\t\t\t<\/div>\n\t\t\t\t\t<\/div>\n\t\t<\/div>\n\t\t\t\t\t<\/div>\n\t\t<\/section>\n\t\t\t\t<section class=\"elementor-section elementor-top-section elementor-element elementor-element-8272b29 elementor-section-boxed elementor-section-height-default elementor-section-height-default\" data-id=\"8272b29\" data-element_type=\"section\" data-e-type=\"section\">\n\t\t\t\t\t\t<div class=\"elementor-container elementor-column-gap-default\">\n\t\t\t\t\t<div class=\"elementor-column elementor-col-100 elementor-top-column elementor-element elementor-element-c8d4210\" data-id=\"c8d4210\" data-element_type=\"column\" data-e-type=\"column\">\n\t\t\t<div class=\"elementor-widget-wrap elementor-element-populated\">\n\t\t\t\t\t\t<div class=\"elementor-element elementor-element-da75342 elementor-widget elementor-widget-heading\" data-id=\"da75342\" data-element_type=\"widget\" data-e-type=\"widget\" data-widget_type=\"heading.default\">\n\t\t\t\t<div class=\"elementor-widget-container\">\n\t\t\t\t\t<h1 class=\"elementor-heading-title elementor-size-default\">Music-Text Performance (April 5)<\/h1>\t\t\t\t<\/div>\n\t\t\t\t<\/div>\n\t\t\t\t\t<\/div>\n\t\t<\/div>\n\t\t\t\t\t<\/div>\n\t\t<\/section>\n\t\t\t\t<section class=\"elementor-section elementor-top-section elementor-element elementor-element-aade71f elementor-section-boxed elementor-section-height-default elementor-section-height-default\" data-id=\"aade71f\" data-element_type=\"section\" data-e-type=\"section\">\n\t\t\t\t\t\t<div class=\"elementor-container elementor-column-gap-default\">\n\t\t\t\t\t<div class=\"elementor-column elementor-col-100 elementor-top-column elementor-element elementor-element-c1e88e8\" data-id=\"c1e88e8\" data-element_type=\"column\" data-e-type=\"column\">\n\t\t\t<div class=\"elementor-widget-wrap elementor-element-populated\">\n\t\t\t\t\t\t<div class=\"elementor-element elementor-element-55f5f6b elementor-widget elementor-widget-text-editor\" data-id=\"55f5f6b\" data-element_type=\"widget\" data-e-type=\"widget\" data-widget_type=\"text-editor.default\">\n\t\t\t\t<div class=\"elementor-widget-container\">\n\t\t\t\t\t\t\t\t\t<p style=\"font-family: Arial, Helvetica, sans-serif; font-size: 32px; color: #000000; line-height: 1.4;\">Organ music, readings and video: <em>Elisabeth Hubmann<\/em><\/p><p style=\"font-family: Arial, Helvetica, sans-serif; font-size: 32px; color: #000000; line-height: 1.4;\">Sound art: <em>Sera Giorno<\/em><\/p><p style=\"font-family: Arial, Helvetica, sans-serif; font-size: 32px; color: #000000; line-height: 1.4;\">Text selection: <em>Tom Sojer<\/em><\/p>\t\t\t\t\t\t\t\t<\/div>\n\t\t\t\t<\/div>\n\t\t\t\t\t<\/div>\n\t\t<\/div>\n\t\t\t\t\t<\/div>\n\t\t<\/section>\n\t\t\t\t<section class=\"elementor-section elementor-top-section elementor-element elementor-element-d45b1c3 elementor-section-boxed elementor-section-height-default elementor-section-height-default\" data-id=\"d45b1c3\" data-element_type=\"section\" data-e-type=\"section\">\n\t\t\t\t\t\t<div class=\"elementor-container elementor-column-gap-default\">\n\t\t\t\t\t<div class=\"elementor-column elementor-col-100 elementor-top-column elementor-element elementor-element-958c63b\" data-id=\"958c63b\" data-element_type=\"column\" data-e-type=\"column\">\n\t\t\t<div class=\"elementor-widget-wrap elementor-element-populated\">\n\t\t\t\t\t\t<div class=\"elementor-element elementor-element-8329d95 elementor-widget elementor-widget-video\" data-id=\"8329d95\" data-element_type=\"widget\" data-e-type=\"widget\" data-settings=\"{&quot;youtube_url&quot;:&quot;https:\\\/\\\/youtu.be\\\/dLDiCKQIkq8&quot;,&quot;autoplay&quot;:&quot;yes&quot;,&quot;loop&quot;:&quot;yes&quot;,&quot;video_type&quot;:&quot;youtube&quot;,&quot;controls&quot;:&quot;yes&quot;}\" data-widget_type=\"video.default\">\n\t\t\t\t<div class=\"elementor-widget-container\">\n\t\t\t\t\t\t\t<div class=\"elementor-wrapper elementor-open-inline\">\n\t\t\t<div class=\"elementor-video\"><\/div>\t\t<\/div>\n\t\t\t\t\t\t<\/div>\n\t\t\t\t<\/div>\n\t\t\t\t\t<\/div>\n\t\t<\/div>\n\t\t\t\t\t<\/div>\n\t\t<\/section>\n\t\t\t\t<\/div>\n\t\t","protected":false},"excerpt":{"rendered":"<p>This project forms part of the Pavillon Simone Weil (Geneva, March 31 &#8211; June 16, 2026) by Thomas Hirschhorn and is hosted by the Denkkollektiv in collaboration with the following contributors: Mae Bengert, Sophia Eisenhut, Fraktalwerk Berlin, Elisabeth Hubmann, Polya Medvedeva, Britta M\u00fcller-Schauenburg, Beatriz Nu\u00f1es, Bartosz Olszewski, Tobias P\u00f6hl, Stella Rehbein, Nina Sassenroth, Tom Sojer, &#8230; <a title=\"PAVILLON 2026\" class=\"read-more\" href=\"https:\/\/www2.hu-berlin.de\/simoneweil-denkkollektiv\/pavillon\/\" aria-label=\"Read more about PAVILLON 2026\">Mehr &#8230;<\/a><\/p>\n","protected":false},"author":7,"featured_media":0,"parent":0,"menu_order":0,"comment_status":"closed","ping_status":"closed","template":"","meta":{"footnotes":""},"class_list":["post-23656","page","type-page","status-publish","infinite-scroll-item","no-featured-image-padding"],"_links":{"self":[{"href":"https:\/\/www2.hu-berlin.de\/simoneweil-denkkollektiv\/wp-json\/wp\/v2\/pages\/23656","targetHints":{"allow":["GET"]}}],"collection":[{"href":"https:\/\/www2.hu-berlin.de\/simoneweil-denkkollektiv\/wp-json\/wp\/v2\/pages"}],"about":[{"href":"https:\/\/www2.hu-berlin.de\/simoneweil-denkkollektiv\/wp-json\/wp\/v2\/types\/page"}],"author":[{"embeddable":true,"href":"https:\/\/www2.hu-berlin.de\/simoneweil-denkkollektiv\/wp-json\/wp\/v2\/users\/7"}],"replies":[{"embeddable":true,"href":"https:\/\/www2.hu-berlin.de\/simoneweil-denkkollektiv\/wp-json\/wp\/v2\/comments?post=23656"}],"version-history":[{"count":35,"href":"https:\/\/www2.hu-berlin.de\/simoneweil-denkkollektiv\/wp-json\/wp\/v2\/pages\/23656\/revisions"}],"predecessor-version":[{"id":23752,"href":"https:\/\/www2.hu-berlin.de\/simoneweil-denkkollektiv\/wp-json\/wp\/v2\/pages\/23656\/revisions\/23752"}],"wp:attachment":[{"href":"https:\/\/www2.hu-berlin.de\/simoneweil-denkkollektiv\/wp-json\/wp\/v2\/media?parent=23656"}],"curies":[{"name":"wp","href":"https:\/\/api.w.org\/{rel}","templated":true}]}}